{"id":3482,"date":"2024-12-29T08:12:39","date_gmt":"2024-12-29T08:12:39","guid":{"rendered":"https:\/\/protestsurfcenter.com\/campamento-de-surf\/surf-camp-lajares\/"},"modified":"2025-11-06T08:33:15","modified_gmt":"2025-11-06T08:33:15","slug":"surf-camp-lajares","status":"publish","type":"page","link":"https:\/\/protestsurfcenter.com\/es\/campamento-de-surf\/surf-camp-lajares\/","title":{"rendered":"Surf Camp Lajares"},"content":{"rendered":"<p>[et_pb_section fb_built=\u00bb1&#8243; fullwidth=\u00bbon\u00bb _builder_version=\u00bb4.24.2&#8243; _module_preset=\u00bbdefault\u00bb locked=\u00bboff\u00bb global_colors_info=\u00bb{}\u00bb][et_pb_fullwidth_slider show_image_video_mobile=\u00bbon\u00bb _builder_version=\u00bb4.27.0&#8243; _module_preset=\u00bbdefault\u00bb min_height=\u00bb800px\u00bb min_height_tablet=\u00bb450px\u00bb min_height_phone=\u00bb300px\u00bb min_height_last_edited=\u00bbon|phone\u00bb custom_padding=\u00bb||||false|false\u00bb custom_padding_tablet=\u00bb||||true|false\u00bb custom_padding_phone=\u00bb0px||0px||false|false\u00bb custom_padding_last_edited=\u00bbon|desktop\u00bb auto=\u00bbon\u00bb global_colors_info=\u00bb{}\u00bb custom_css_slide_image_last_edited=\u00bboff|phone\u00bb filter_opacity__hover_enabled=\u00bboff|desktop\u00bb filter_opacity__hover=\u00bb90%\u00bb transform_styles__hover_enabled=\u00bboff|desktop\u00bb transform_scale__hover_enabled=\u00bboff|desktop\u00bb transform_translate__hover_enabled=\u00bboff|desktop\u00bb transform_rotate__hover_enabled=\u00bboff|desktop\u00bb transform_skew__hover_enabled=\u00bboff|desktop\u00bb transform_origin__hover_enabled=\u00bboff|desktop\u00bb transform_scale__hover=\u00bb105%|105%\u00bb][et_pb_slide admin_title=\u00bbsurfschool\u00bb image_last_edited=\u00bboff|phone\u00bb _builder_version=\u00bb4.27.0&#8243; _module_preset=\u00bbdefault\u00bb background_image=\u00bbhttps:\/\/protestsurfcenter.com\/wp-content\/uploads\/2024\/12\/img-top-surf-camp-lajares-protestsurfcenter.jpg\u00bb background_enable_image=\u00bbon\u00bb custom_padding=\u00bb||||false|false\u00bb link_option_url=\u00bb#\u00bb background_last_edited=\u00bbon|phone\u00bb background_position_phone=\u00bbcenter\u00bb global_colors_info=\u00bb{}\u00bb sticky_transition=\u00bbon\u00bb][\/et_pb_slide][\/et_pb_fullwidth_slider][\/et_pb_section][et_pb_section fb_built=\u00bb1&#8243; _builder_version=\u00bb4.24.2&#8243; _module_preset=\u00bbdefault\u00bb custom_margin=\u00bb0px||||false|false\u00bb custom_padding=\u00bb0px||||false|false\u00bb locked=\u00bboff\u00bb global_colors_info=\u00bb{}\u00bb][et_pb_row _builder_version=\u00bb4.25.0&#8243; _module_preset=\u00bbdefault\u00bb width=\u00bb90%\u00bb max_width=\u00bb90%\u00bb custom_margin=\u00bb0px||60px||false|false\u00bb custom_margin_tablet=\u00bb||35px||false|false\u00bb custom_margin_phone=\u00bb||20px||false|false\u00bb custom_margin_last_edited=\u00bbon|tablet\u00bb custom_padding=\u00bb0px||||false|false\u00bb global_colors_info=\u00bb{}\u00bb][et_pb_column type=\u00bb4_4&#8243; _builder_version=\u00bb4.24.2&#8243; _module_preset=\u00bbdefault\u00bb global_colors_info=\u00bb{}\u00bb][et_pb_image src=\u00bbhttps:\/\/protestsurfcenter.com\/wp-content\/uploads\/2024\/04\/img-tag-surfcamp-protestsurfcenter.png\u00bb align=\u00bbright\u00bb _builder_version=\u00bb4.27.0&#8243; _module_preset=\u00bbdefault\u00bb max_width_tablet=\u00bb250px\u00bb max_width_phone=\u00bb180px\u00bb max_width_last_edited=\u00bbon|tablet\u00bb custom_margin=\u00bb-400px||||false|false\u00bb custom_margin_tablet=\u00bb-200px||||false|false\u00bb custom_margin_phone=\u00bb-140px||||false|false\u00bb custom_margin_last_edited=\u00bbon|phone\u00bb animation_style=\u00bbfade\u00bb global_colors_info=\u00bb{}\u00bb][\/et_pb_image][et_pb_heading title=\u00bbSurf camp Lajares\u00bb _builder_version=\u00bb4.26.0&#8243; _module_preset=\u00bbdefault\u00bb title_font=\u00bbPacifico||||||||\u00bb title_text_align=\u00bbcenter\u00bb title_font_size=\u00bb100px\u00bb transform_rotate=\u00bb0deg|0deg|355deg\u00bb custom_margin=\u00bb||||false|false\u00bb custom_margin_tablet=\u00bb||100px||false|false\u00bb custom_margin_phone=\u00bb||45px||false|false\u00bb custom_margin_last_edited=\u00bboff|desktop\u00bb title_font_size_tablet=\u00bb90px\u00bb title_font_size_phone=\u00bb55px\u00bb title_font_size_last_edited=\u00bbon|phone\u00bb title_line_height_tablet=\u00bb\u00bb title_line_height_phone=\u00bb1em\u00bb title_line_height_last_edited=\u00bbon|phone\u00bb locked=\u00bboff\u00bb global_colors_info=\u00bb{}\u00bb][\/et_pb_heading][et_pb_heading title=\u00bbCampamento de surf y yoga todo incluido en Lajares\u00bb _builder_version=\u00bb4.26.0&#8243; _module_preset=\u00bbdefault\u00bb title_level=\u00bbh2&#8243; title_text_align=\u00bbcenter\u00bb title_font_size=\u00bb80px\u00bb title_line_height=\u00bb0.8em\u00bb module_alignment=\u00bbcenter\u00bb custom_margin=\u00bb0px||0px||false|false\u00bb custom_margin_tablet=\u00bb10px||0px||false|false\u00bb custom_margin_phone=\u00bb10px||0px||false|false\u00bb custom_margin_last_edited=\u00bbon|tablet\u00bb custom_padding=\u00bb0px||0px||false|false\u00bb title_font_size_tablet=\u00bb70px\u00bb title_font_size_phone=\u00bb45px\u00bb title_font_size_last_edited=\u00bbon|phone\u00bb title_line_height_tablet=\u00bb0.8em\u00bb title_line_height_phone=\u00bb0.8em\u00bb title_line_height_last_edited=\u00bbon|tablet\u00bb locked=\u00bboff\u00bb global_colors_info=\u00bb{}\u00bb][\/et_pb_heading][et_pb_text _builder_version=\u00bb4.27.0&#8243; _module_preset=\u00bbdefault\u00bb text_font=\u00bb|300|||||||\u00bb text_line_height=\u00bb1.4em\u00bb text_orientation=\u00bbcenter\u00bb width=\u00bb1024px\u00bb width_tablet=\u00bb100%\u00bb width_phone=\u00bb100%\u00bb width_last_edited=\u00bbon|tablet\u00bb module_alignment=\u00bbcenter\u00bb text_font_size_tablet=\u00bb24px\u00bb text_font_size_phone=\u00bb22px\u00bb text_font_size_last_edited=\u00bbon|tablet\u00bb locked=\u00bboff\u00bb global_colors_info=\u00bb{}\u00bb]<\/p>\n<p><strong><\/strong>Esc\u00e1pate a un oasis verde en el coraz\u00f3n de Lajares, el vibrante pueblo surfero de Fuerteventura. Sum\u00e9rgete en una semana de pura diversi\u00f3n, donde el surf, el yoga y la deliciosa cocina se unen en perfecta armon\u00eda. <\/p>\n<p>[\/et_pb_text][\/et_pb_column][\/et_pb_row][et_pb_row _builder_version=\u00bb4.25.0&#8243; _module_preset=\u00bbdefault\u00bb max_width=\u00bb80%\u00bb global_colors_info=\u00bb{}\u00bb][et_pb_column type=\u00bb4_4&#8243; _builder_version=\u00bb4.25.0&#8243; _module_preset=\u00bbdefault\u00bb global_colors_info=\u00bb{}\u00bb][et_pb_image src=\u00bbhttps:\/\/protestsurfcenter.com\/wp-content\/uploads\/2024\/12\/img-001a-surf-camp-lajares-protestsurfcenter.jpg\u00bb alt=\u00bbSurf Camp Lajares &#8211; Yoga &#038; chill out\u00bb _builder_version=\u00bb4.27.0&#8243; _module_preset=\u00bbdefault\u00bb global_colors_info=\u00bb{}\u00bb][\/et_pb_image][\/et_pb_column][\/et_pb_row][et_pb_row custom_padding_last_edited=\u00bbon|phone\u00bb _builder_version=\u00bb4.27.0&#8243; _module_preset=\u00bbdefault\u00bb custom_margin=\u00bb50px||50px||false|false\u00bb custom_margin_tablet=\u00bb10px||10px||true|false\u00bb custom_margin_phone=\u00bb0px||||false|false\u00bb custom_margin_last_edited=\u00bbon|tablet\u00bb custom_padding_tablet=\u00bb\u00bb custom_padding_phone=\u00bb0px||||false|false\u00bb locked=\u00bboff\u00bb global_colors_info=\u00bb{}\u00bb][et_pb_column type=\u00bb4_4&#8243; _builder_version=\u00bb4.24.2&#8243; _module_preset=\u00bbdefault\u00bb global_colors_info=\u00bb{}\u00bb][et_pb_heading title=\u00bbEL LUGAR PERFECTO PARA RELAJARSE Y CONOCER NUEVOS AMIGOS\u00bb _builder_version=\u00bb4.25.0&#8243; _module_preset=\u00bbdefault\u00bb title_level=\u00bbh2&#8243; title_text_align=\u00bbcenter\u00bb title_font_size=\u00bb75px\u00bb title_line_height=\u00bb0.8em\u00bb module_alignment=\u00bbcenter\u00bb custom_margin=\u00bb0px||0px||false|false\u00bb custom_margin_tablet=\u00bb10px||0px||false|false\u00bb custom_margin_phone=\u00bb10px||0px||false|false\u00bb custom_margin_last_edited=\u00bbon|tablet\u00bb custom_padding=\u00bb0px||0px||false|false\u00bb title_font_size_tablet=\u00bb50px\u00bb title_font_size_phone=\u00bb45px\u00bb title_font_size_last_edited=\u00bbon|phone\u00bb title_line_height_tablet=\u00bb0.8em\u00bb title_line_height_phone=\u00bb0.8em\u00bb title_line_height_last_edited=\u00bbon|tablet\u00bb locked=\u00bboff\u00bb global_colors_info=\u00bb{}\u00bb][\/et_pb_heading][et_pb_text _builder_version=\u00bb4.27.4&#8243; _module_preset=\u00bbdefault\u00bb text_font=\u00bb|300||on|||||\u00bb text_line_height=\u00bb1.4em\u00bb text_orientation=\u00bbcenter\u00bb width_tablet=\u00bb100%\u00bb width_phone=\u00bb100%\u00bb width_last_edited=\u00bbon|tablet\u00bb module_alignment=\u00bbcenter\u00bb custom_padding=\u00bb4px|||||\u00bb text_font_size_tablet=\u00bb24px\u00bb text_font_size_phone=\u00bb22px\u00bb text_font_size_last_edited=\u00bbon|phone\u00bb locked=\u00bboff\u00bb global_colors_info=\u00bb{}\u00bb]<\/p>\n<p>\u00danete a nosotros durante una semana para recargarte, reconectar y surfear. \u00a1Tu para\u00edso de surf y yoga te espera!<br \/><strong><\/strong><\/p>\n<p>[\/et_pb_text][\/et_pb_column][\/et_pb_row][et_pb_row column_structure=\u00bb1_2,1_2&#8243; use_custom_gutter=\u00bbon\u00bb make_equal=\u00bbon\u00bb custom_padding_last_edited=\u00bbon|phone\u00bb _builder_version=\u00bb4.27.0&#8243; _module_preset=\u00bbdefault\u00bb max_width=\u00bb70%\u00bb max_width_tablet=\u00bb70%\u00bb max_width_phone=\u00bb80%\u00bb max_width_last_edited=\u00bbon|phone\u00bb custom_margin=\u00bb||||false|false\u00bb custom_margin_tablet=\u00bb30px||60px||false|false\u00bb custom_margin_phone=\u00bb30px||30px||false|false\u00bb custom_margin_last_edited=\u00bboff|desktop\u00bb custom_padding=\u00bb||||false|false\u00bb custom_padding_tablet=\u00bb||||false|false\u00bb custom_padding_phone=\u00bb0px||0px||false|false\u00bb locked=\u00bboff\u00bb global_colors_info=\u00bb{}\u00bb][et_pb_column type=\u00bb1_2&#8243; _builder_version=\u00bb4.27.0&#8243; _module_preset=\u00bbdefault\u00bb custom_css_main_element=\u00bbdisplay:flex;||flex-direction:column;||justify-content:center;\u00bb global_colors_info=\u00bb{}\u00bb][et_pb_image src=\u00bbhttps:\/\/protestsurfcenter.com\/wp-content\/uploads\/2025\/01\/img-002-01-surf-camp-lajares-protestsurfcenter.jpg\u00bb alt=\u00bbDesayuno en surf camp Lajares\u00bb title_text=\u00bbimg-002-01-surf-camp-lajares-protestsurfcenter\u00bb align=\u00bbright\u00bb force_fullwidth=\u00bbon\u00bb disabled_on=\u00bboff|off|off\u00bb _builder_version=\u00bb4.27.0&#8243; _module_preset=\u00bbdefault\u00bb global_colors_info=\u00bb{}\u00bb][\/et_pb_image][et_pb_image src=\u00bbhttps:\/\/protestsurfcenter.com\/wp-content\/uploads\/2025\/01\/img-002-02-surf-camp-lajares-protestsurfcenter.jpg\u00bb alt=\u00bbDesayuno saludable en surf camp Lajares\u00bb align=\u00bbright\u00bb force_fullwidth=\u00bbon\u00bb disabled_on=\u00bboff|off|off\u00bb _builder_version=\u00bb4.27.0&#8243; _module_preset=\u00bbdefault\u00bb global_colors_info=\u00bb{}\u00bb][\/et_pb_image][et_pb_image src=\u00bbhttps:\/\/protestsurfcenter.com\/wp-content\/uploads\/2025\/01\/img-002-03-surf-camp-lajares-protestsurfcenter.jpg\u00bb alt=\u00bbClases de surf en surf camp Lajares\u00bb align=\u00bbright\u00bb force_fullwidth=\u00bbon\u00bb disabled_on=\u00bbon|on|off\u00bb _builder_version=\u00bb4.27.0&#8243; _module_preset=\u00bbdefault\u00bb global_colors_info=\u00bb{}\u00bb][\/et_pb_image][\/et_pb_column][et_pb_column type=\u00bb1_2&#8243; _builder_version=\u00bb4.27.0&#8243; _module_preset=\u00bbdefault\u00bb z_index=\u00bb1&#8243; custom_padding=\u00bb||||false|false\u00bb custom_padding_tablet=\u00bb0px||||false|false\u00bb custom_padding_phone=\u00bb0px||||false|false\u00bb custom_padding_last_edited=\u00bboff|desktop\u00bb custom_css_main_element=\u00bbdisplay:flex;||flex-direction:column;||justify-content:center;\u00bb global_colors_info=\u00bb{}\u00bb][et_pb_text disabled_on=\u00bbon|on|off\u00bb _builder_version=\u00bb4.27.0&#8243; _module_preset=\u00bbdefault\u00bb text_font=\u00bb|300|||||||\u00bb text_line_height=\u00bb1.4em\u00bb header_3_font=\u00bbUbuntu|700|||||||\u00bb header_4_font=\u00bbUbuntu||||||||\u00bb header_4_text_align=\u00bbcenter\u00bb header_4_text_color=\u00bb#000000&#8243; header_4_font_size=\u00bb30px\u00bb max_width_tablet=\u00bb100%\u00bb max_width_phone=\u00bb100%\u00bb max_width_last_edited=\u00bboff|desktop\u00bb module_alignment=\u00bbleft\u00bb custom_margin=\u00bb||20px||false|false\u00bb text_font_size_tablet=\u00bb24px\u00bb text_font_size_phone=\u00bb22px\u00bb text_font_size_last_edited=\u00bbon|phone\u00bb text_line_height_phone=\u00bb1.4em\u00bb text_line_height_last_edited=\u00bboff|phone\u00bb header_4_font_size_tablet=\u00bb30px\u00bb header_4_font_size_phone=\u00bb24px\u00bb header_4_font_size_last_edited=\u00bbon|phone\u00bb text_orientation_tablet=\u00bbcenter\u00bb text_orientation_phone=\u00bbcenter\u00bb text_orientation_last_edited=\u00bbon|tablet\u00bb module_alignment_tablet=\u00bbcenter\u00bb module_alignment_phone=\u00bbcenter\u00bb module_alignment_last_edited=\u00bbon|tablet\u00bb locked=\u00bboff\u00bb global_colors_info=\u00bb{}\u00bb]<\/p>\n<p>Rel\u00e1jate junto a la piscina, rodeado de exuberante vegetaci\u00f3n, y del\u00e9itate con comidas nutritivas elaboradas con ingredientes frescos de origen local &#8211; combustible para sus d\u00edas activos. El desayuno est\u00e1 incluido todas las ma\u00f1anas. La comida y la cena de lunes a viernes. Lajares es un peque\u00f1o pueblo pero tiene una gran variedad de tiendas, restaurantes o bares&#8230; todo inspirado en el surfing. \ud83d\ude42   <\/p>\n<p>Surfea las olas cristalinas de las impresionantes playas de Fuerteventura, tanto si eres un principiante como un surfista avanzado. Nuestros experimentados instructores de surf de Protest Surfcenter elegir\u00e1n el mejor spot del d\u00eda para tu nivel. Las <strong>clases de surf<\/strong> incluyen todo el equipo de surf, traje de neopreno, seguro y traslados. Las clases duran m\u00e1s o menos 4 horas por d\u00eda.  <\/p>\n<p>Y antes o despu\u00e9s de las sesiones, estira y fortalece tu cuerpo con <strong>sesiones de yoga<\/strong> dise\u00f1adas para complementar tu surf y traer paz a tu mente.<\/p>\n<p>Tanto si persigues la emoci\u00f3n de las olas, como si buscas el equilibrio interior o simplemente quieres desconectar de la rutina, este surf camp completo te ofrece la mezcla perfecta de aventura y relajaci\u00f3n.<\/p>\n<p>[\/et_pb_text][et_pb_text disabled_on=\u00bboff|off|on\u00bb _builder_version=\u00bb4.27.0&#8243; _module_preset=\u00bbdefault\u00bb text_font=\u00bb|300|||||||\u00bb text_line_height=\u00bb1.4em\u00bb header_3_font=\u00bbUbuntu|700|||||||\u00bb header_4_font=\u00bbUbuntu||||||||\u00bb header_4_text_align=\u00bbcenter\u00bb header_4_text_color=\u00bb#000000&#8243; header_4_font_size=\u00bb30px\u00bb max_width_tablet=\u00bb100%\u00bb max_width_phone=\u00bb100%\u00bb max_width_last_edited=\u00bboff|desktop\u00bb module_alignment=\u00bbleft\u00bb custom_margin=\u00bb||20px||false|false\u00bb text_font_size_tablet=\u00bb24px\u00bb text_font_size_phone=\u00bb22px\u00bb text_font_size_last_edited=\u00bbon|phone\u00bb text_line_height_phone=\u00bb1.4em\u00bb text_line_height_last_edited=\u00bboff|phone\u00bb header_4_font_size_tablet=\u00bb30px\u00bb header_4_font_size_phone=\u00bb24px\u00bb header_4_font_size_last_edited=\u00bbon|phone\u00bb text_orientation_tablet=\u00bbcenter\u00bb text_orientation_phone=\u00bbcenter\u00bb text_orientation_last_edited=\u00bbon|tablet\u00bb module_alignment_tablet=\u00bbcenter\u00bb module_alignment_phone=\u00bbcenter\u00bb module_alignment_last_edited=\u00bbon|tablet\u00bb locked=\u00bboff\u00bb global_colors_info=\u00bb{}\u00bb]<\/p>\n<p>Rel\u00e1jate junto a la piscina, rodeado de exuberante vegetaci\u00f3n, y del\u00e9itate con comidas nutritivas elaboradas con ingredientes frescos de origen local &#8211; combustible para sus d\u00edas activos. Todas las habitaciones del campamento de surf son amplias y luminosas, con cuarto de ba\u00f1o privado. El desayuno est\u00e1 incluido todas las ma\u00f1anas. La comida y la cena de lunes a viernes. Lajares es un peque\u00f1o pueblo pero tiene una gran variedad de tiendas, restaurantes o bares&#8230; todo inspirado en el surfing. \ud83d\ude42   <\/p>\n<p>[\/et_pb_text][et_pb_image src=\u00bbhttps:\/\/protestsurfcenter.com\/wp-content\/uploads\/2025\/01\/img-002-03-surf-camp-lajares-protestsurfcenter.jpg\u00bb alt=\u00bbClases de surf en surf camp Lajares\u00bb align=\u00bbright\u00bb force_fullwidth=\u00bbon\u00bb disabled_on=\u00bboff|off|on\u00bb _builder_version=\u00bb4.27.0&#8243; _module_preset=\u00bbdefault\u00bb custom_margin=\u00bb15px||||false|false\u00bb global_colors_info=\u00bb{}\u00bb][\/et_pb_image][et_pb_text disabled_on=\u00bboff|off|on\u00bb _builder_version=\u00bb4.27.4&#8243; _module_preset=\u00bbdefault\u00bb text_font=\u00bb|300|||||||\u00bb text_line_height=\u00bb1.4em\u00bb header_3_font=\u00bbUbuntu|700|||||||\u00bb header_4_font=\u00bbUbuntu||||||||\u00bb header_4_text_align=\u00bbcenter\u00bb header_4_text_color=\u00bb#000000&#8243; header_4_font_size=\u00bb30px\u00bb max_width_tablet=\u00bb100%\u00bb max_width_phone=\u00bb100%\u00bb max_width_last_edited=\u00bboff|desktop\u00bb module_alignment=\u00bbleft\u00bb custom_margin=\u00bb||20px||false|false\u00bb text_font_size_tablet=\u00bb24px\u00bb text_font_size_phone=\u00bb22px\u00bb text_font_size_last_edited=\u00bbon|phone\u00bb text_line_height_phone=\u00bb1.4em\u00bb text_line_height_last_edited=\u00bboff|phone\u00bb header_4_font_size_tablet=\u00bb30px\u00bb header_4_font_size_phone=\u00bb24px\u00bb header_4_font_size_last_edited=\u00bbon|phone\u00bb text_orientation_tablet=\u00bbcenter\u00bb text_orientation_phone=\u00bbcenter\u00bb text_orientation_last_edited=\u00bbon|tablet\u00bb module_alignment_tablet=\u00bbcenter\u00bb module_alignment_phone=\u00bbcenter\u00bb module_alignment_last_edited=\u00bbon|tablet\u00bb locked=\u00bboff\u00bb global_colors_info=\u00bb{}\u00bb]<\/p>\n<p>Surfea las olas cristalinas de las impresionantes playas de Fuerteventura, tanto si eres un principiante como un surfista avanzado. Nuestros experimentados instructores de surf de Protest Surfcenter elegir\u00e1n el mejor spot del d\u00eda para tu nivel. Las <strong>clases de surf<\/strong> incluyen todo el equipo de surf, traje de neopreno, seguro y traslados. Las clases duran m\u00e1s o menos 4 horas por d\u00eda.<\/p>\n<p>Y antes o despu\u00e9s de las sesiones, estira y fortalece tu cuerpo con <strong>sesiones de yoga<\/strong> dise\u00f1adas para complementar tu surf y traer paz a tu mente.<\/p>\n<p>Tanto si persigues la emoci\u00f3n de las olas, como si buscas el equilibrio interior o simplemente quieres desconectar de la rutina, este surf camp completo te ofrece la mezcla perfecta de aventura y relajaci\u00f3n.<\/p>\n<p>[\/et_pb_text][\/et_pb_column][\/et_pb_row][\/et_pb_section][et_pb_section fb_built=\u00bb1&#8243; custom_padding_last_edited=\u00bbon|tablet\u00bb _builder_version=\u00bb4.26.0&#8243; _module_preset=\u00bbdefault\u00bb custom_margin=\u00bb||||false|false\u00bb custom_margin_last_edited=\u00bboff|tablet\u00bb custom_padding=\u00bb||||false|false\u00bb custom_padding_tablet=\u00bb0px||||false|false\u00bb custom_padding_phone=\u00bb0px||0px||false|false\u00bb locked=\u00bboff\u00bb global_colors_info=\u00bb{}\u00bb][et_pb_row _builder_version=\u00bb4.25.0&#8243; _module_preset=\u00bbdefault\u00bb width=\u00bb90%\u00bb max_width=\u00bb90%\u00bb custom_margin=\u00bb0px||60px||false|false\u00bb custom_margin_tablet=\u00bb0px||60px||false|false\u00bb custom_margin_phone=\u00bb0px||20px||false|false\u00bb custom_margin_last_edited=\u00bbon|tablet\u00bb custom_padding=\u00bb0px||||false|false\u00bb global_colors_info=\u00bb{}\u00bb][et_pb_column type=\u00bb4_4&#8243; _builder_version=\u00bb4.24.2&#8243; _module_preset=\u00bbdefault\u00bb global_colors_info=\u00bb{}\u00bb][et_pb_heading title=\u00bbLas habitaciones\u00bb _builder_version=\u00bb4.26.0&#8243; _module_preset=\u00bbdefault\u00bb title_level=\u00bbh2&#8243; title_font=\u00bbPacifico||||||||\u00bb title_text_align=\u00bbcenter\u00bb title_font_size=\u00bb100px\u00bb transform_rotate=\u00bb0deg|0deg|355deg\u00bb custom_margin=\u00bb||||false|false\u00bb custom_margin_tablet=\u00bb||100px||false|false\u00bb custom_margin_phone=\u00bb||45px||false|false\u00bb custom_margin_last_edited=\u00bboff|desktop\u00bb title_font_size_tablet=\u00bb90px\u00bb title_font_size_phone=\u00bb65px\u00bb title_font_size_last_edited=\u00bbon|phone\u00bb title_line_height_tablet=\u00bb\u00bb title_line_height_phone=\u00bb1em\u00bb title_line_height_last_edited=\u00bbon|phone\u00bb locked=\u00bboff\u00bb global_colors_info=\u00bb{}\u00bb][\/et_pb_heading][et_pb_text _builder_version=\u00bb4.27.0&#8243; _module_preset=\u00bbdefault\u00bb text_font=\u00bb|300|||||||\u00bb text_line_height=\u00bb1.4em\u00bb text_orientation=\u00bbcenter\u00bb width=\u00bb1024px\u00bb width_tablet=\u00bb100%\u00bb width_phone=\u00bb100%\u00bb width_last_edited=\u00bbon|tablet\u00bb module_alignment=\u00bbcenter\u00bb text_font_size_tablet=\u00bb24px\u00bb text_font_size_phone=\u00bb22px\u00bb text_font_size_last_edited=\u00bbon|tablet\u00bb locked=\u00bboff\u00bb global_colors_info=\u00bb{}\u00bb]<\/p>\n<p><strong><\/strong>Todas las habitaciones del campamento de surf son amplias y luminosas, con cuarto de ba\u00f1o privado.<\/p>\n<p>[\/et_pb_text][\/et_pb_column][\/et_pb_row][et_pb_row column_structure=\u00bb1_3,1_3,1_3&#8243; _builder_version=\u00bb4.24.2&#8243; _module_preset=\u00bbdefault\u00bb width=\u00bb90%\u00bb width_tablet=\u00bb80%\u00bb width_phone=\u00bb80%\u00bb width_last_edited=\u00bbon|tablet\u00bb max_width=\u00bb90%\u00bb max_width_tablet=\u00bb80%\u00bb max_width_phone=\u00bb80%\u00bb max_width_last_edited=\u00bbon|tablet\u00bb locked=\u00bboff\u00bb global_colors_info=\u00bb{}\u00bb width__hover_enabled=\u00bboff|desktop\u00bb][et_pb_column type=\u00bb1_3&#8243; _builder_version=\u00bb4.24.2&#8243; _module_preset=\u00bbdefault\u00bb custom_padding_tablet=\u00bb||30px||false|false\u00bb custom_padding_phone=\u00bb||30px||false|false\u00bb custom_padding_last_edited=\u00bbon|phone\u00bb global_colors_info=\u00bb{}\u00bb][et_pb_image src=\u00bbhttps:\/\/protestsurfcenter.com\/wp-content\/uploads\/2024\/12\/img-003-surf-camp-lajares-protestsurfcenter.jpg\u00bb title_text=\u00bbimg-003-surf-camp-lajares-protestsurfcenter\u00bb align=\u00bbcenter\u00bb _builder_version=\u00bb4.27.0&#8243; _module_preset=\u00bbdefault\u00bb custom_margin=\u00bb||10px||false|false\u00bb global_colors_info=\u00bb{}\u00bb][\/et_pb_image][\/et_pb_column][et_pb_column type=\u00bb1_3&#8243; _builder_version=\u00bb4.24.2&#8243; _module_preset=\u00bbdefault\u00bb custom_padding_tablet=\u00bb||30px||false|false\u00bb custom_padding_phone=\u00bb||30px||false|false\u00bb custom_padding_last_edited=\u00bbon|phone\u00bb global_colors_info=\u00bb{}\u00bb][et_pb_image src=\u00bbhttps:\/\/protestsurfcenter.com\/wp-content\/uploads\/2024\/12\/img-004a-surf-camp-lajares-protestsurfcenter.jpg\u00bb title_text=\u00bbimg-004a-surf-camp-lajares-protestsurfcenter\u00bb align=\u00bbcenter\u00bb _builder_version=\u00bb4.27.0&#8243; _module_preset=\u00bbdefault\u00bb custom_margin=\u00bb||10px||false|false\u00bb global_colors_info=\u00bb{}\u00bb][\/et_pb_image][\/et_pb_column][et_pb_column type=\u00bb1_3&#8243; _builder_version=\u00bb4.24.2&#8243; _module_preset=\u00bbdefault\u00bb global_colors_info=\u00bb{}\u00bb][et_pb_image src=\u00bbhttps:\/\/protestsurfcenter.com\/wp-content\/uploads\/2024\/12\/img-005-surf-camp-lajares-protestsurfcenter.jpg\u00bb title_text=\u00bbimg-005-surf-camp-lajares-protestsurfcenter\u00bb align=\u00bbcenter\u00bb _builder_version=\u00bb4.27.0&#8243; _module_preset=\u00bbdefault\u00bb custom_margin=\u00bb||10px||false|false\u00bb global_colors_info=\u00bb{}\u00bb][\/et_pb_image][\/et_pb_column][\/et_pb_row][\/et_pb_section][et_pb_section fb_built=\u00bb1&#8243; _builder_version=\u00bb4.24.2&#8243; _module_preset=\u00bbdefault\u00bb background_color=\u00bb#d2e5ee\u00bb custom_padding=\u00bb20px||20px||true|false\u00bb locked=\u00bboff\u00bb global_colors_info=\u00bb{}\u00bb][et_pb_row _builder_version=\u00bb4.24.2&#8243; _module_preset=\u00bbdefault\u00bb global_colors_info=\u00bb{}\u00bb][et_pb_column type=\u00bb4_4&#8243; _builder_version=\u00bb4.24.2&#8243; _module_preset=\u00bbdefault\u00bb global_colors_info=\u00bb{}\u00bb][et_pb_heading title=\u00bbEl campamento de surf incluye:\u00bb title_tablet=\u00bbInclusions of our Surf Camp Package:\u00bb title_phone=\u00bbInclusions of our Surfcamp Package:\u00bb title_last_edited=\u00bbon|phone\u00bb _builder_version=\u00bb4.26.0&#8243; _module_preset=\u00bbdefault\u00bb title_level=\u00bbh2&#8243; title_font=\u00bbPacifico||||||||\u00bb title_text_align=\u00bbcenter\u00bb title_font_size=\u00bb50px\u00bb max_width_tablet=\u00bb\u00bb max_width_phone=\u00bb100%\u00bb max_width_last_edited=\u00bbon|phone\u00bb module_alignment=\u00bbcenter\u00bb title_font_size_tablet=\u00bb35px\u00bb title_font_size_phone=\u00bb\u00bb title_font_size_last_edited=\u00bbon|phone\u00bb title_line_height_tablet=\u00bb\u00bb title_line_height_phone=\u00bb1.3em\u00bb title_line_height_last_edited=\u00bbon|phone\u00bb locked=\u00bboff\u00bb global_colors_info=\u00bb{}\u00bb][\/et_pb_heading][\/et_pb_column][\/et_pb_row][et_pb_row column_structure=\u00bb1_6,1_6,1_6,1_6,1_6,1_6&#8243; use_custom_gutter=\u00bbon\u00bb gutter_width=\u00bb2&#8243; _builder_version=\u00bb4.24.3&#8243; _module_preset=\u00bbdefault\u00bb width=\u00bb90%\u00bb width_tablet=\u00bb80%\u00bb width_phone=\u00bb80%\u00bb width_last_edited=\u00bbon|phone\u00bb max_width=\u00bb90%\u00bb max_width_tablet=\u00bb80%\u00bb max_width_phone=\u00bb80%\u00bb max_width_last_edited=\u00bbon|phone\u00bb custom_margin=\u00bb||||false|false\u00bb custom_margin_tablet=\u00bb||||false|false\u00bb custom_margin_phone=\u00bb||||false|false\u00bb custom_margin_last_edited=\u00bboff|phone\u00bb global_colors_info=\u00bb{}\u00bb width__hover_enabled=\u00bboff|desktop\u00bb][et_pb_column type=\u00bb1_6&#8243; _builder_version=\u00bb4.24.3&#8243; _module_preset=\u00bbdefault\u00bb custom_padding_tablet=\u00bb||30px||false|false\u00bb custom_padding_phone=\u00bb||0px||false|false\u00bb custom_padding_last_edited=\u00bbon|phone\u00bb global_colors_info=\u00bb{}\u00bb][et_pb_image src=\u00bbhttps:\/\/protestsurfcenter.com\/wp-content\/uploads\/2024\/04\/img-ico-wave-big-surfschool-beginners-protestsurfcenter.png\u00bb align=\u00bbcenter\u00bb _builder_version=\u00bb4.24.2&#8243; _module_preset=\u00bbdefault\u00bb custom_margin=\u00bb||10px||false|false\u00bb global_colors_info=\u00bb{}\u00bb][\/et_pb_image][et_pb_text _builder_version=\u00bb4.26.0&#8243; _module_preset=\u00bbdefault\u00bb text_font=\u00bb|300|||||||\u00bb header_3_font=\u00bbUbuntu|700|||||||\u00bb header_4_font=\u00bbUbuntu||||||||\u00bb header_4_text_align=\u00bbcenter\u00bb header_4_text_color=\u00bb#000000&#8243; header_4_font_size=\u00bb30px\u00bb text_orientation=\u00bbcenter\u00bb max_width=\u00bb300px\u00bb max_width_tablet=\u00bb300px\u00bb max_width_phone=\u00bb100%\u00bb max_width_last_edited=\u00bbon|phone\u00bb module_alignment=\u00bbcenter\u00bb custom_margin=\u00bb||20px||false|false\u00bb text_font_size_tablet=\u00bb24px\u00bb text_font_size_phone=\u00bb22px\u00bb text_font_size_last_edited=\u00bbon|tablet\u00bb text_line_height_tablet=\u00bb\u00bb text_line_height_phone=\u00bb1.4em\u00bb text_line_height_last_edited=\u00bbon|phone\u00bb header_4_font_size_tablet=\u00bb30px\u00bb header_4_font_size_phone=\u00bb24px\u00bb header_4_font_size_last_edited=\u00bbon|phone\u00bb global_colors_info=\u00bb{}\u00bb]<\/p>\n<p>8 d\u00edas \/ 7 noches de alojamiento en habitaciones privadas. (Individual privado, Pareja privada o doble, Familia\/grupo)<\/p>\n<p>[\/et_pb_text][\/et_pb_column][et_pb_column type=\u00bb1_6&#8243; _builder_version=\u00bb4.24.2&#8243; _module_preset=\u00bbdefault\u00bb global_colors_info=\u00bb{}\u00bb][et_pb_image src=\u00bbhttps:\/\/protestsurfcenter.com\/wp-content\/uploads\/2024\/04\/img-ico-wave-big-surfschool-beginners-protestsurfcenter.png\u00bb align=\u00bbcenter\u00bb _builder_version=\u00bb4.24.2&#8243; _module_preset=\u00bbdefault\u00bb custom_margin=\u00bb||10px||false|false\u00bb global_colors_info=\u00bb{}\u00bb][\/et_pb_image][et_pb_text _builder_version=\u00bb4.24.3&#8243; _module_preset=\u00bbdefault\u00bb text_font=\u00bb|300|||||||\u00bb header_3_font=\u00bbUbuntu|700|||||||\u00bb header_4_font=\u00bbUbuntu||||||||\u00bb header_4_text_align=\u00bbcenter\u00bb header_4_text_color=\u00bb#000000&#8243; header_4_font_size=\u00bb30px\u00bb text_orientation=\u00bbcenter\u00bb max_width=\u00bb300px\u00bb max_width_tablet=\u00bb300px\u00bb max_width_phone=\u00bb100%\u00bb max_width_last_edited=\u00bbon|phone\u00bb module_alignment=\u00bbcenter\u00bb custom_margin=\u00bb||20px||false|false\u00bb text_font_size_tablet=\u00bb24px\u00bb text_font_size_phone=\u00bb22px\u00bb text_font_size_last_edited=\u00bbon|phone\u00bb text_line_height_tablet=\u00bb\u00bb text_line_height_phone=\u00bb1.4em\u00bb text_line_height_last_edited=\u00bbon|phone\u00bb header_4_font_size_tablet=\u00bb30px\u00bb header_4_font_size_phone=\u00bb24px\u00bb header_4_font_size_last_edited=\u00bbon|phone\u00bb global_colors_info=\u00bb{}\u00bb]<\/p>\n<p>Desayuno todos los d\u00edas, comida y cena de lunes a viernes.<\/p>\n<p>[\/et_pb_text][\/et_pb_column][et_pb_column type=\u00bb1_6&#8243; _builder_version=\u00bb4.24.2&#8243; _module_preset=\u00bbdefault\u00bb global_colors_info=\u00bb{}\u00bb][et_pb_image src=\u00bbhttps:\/\/protestsurfcenter.com\/wp-content\/uploads\/2024\/04\/img-ico-wave-big-surfschool-beginners-protestsurfcenter.png\u00bb align=\u00bbcenter\u00bb _builder_version=\u00bb4.24.2&#8243; _module_preset=\u00bbdefault\u00bb custom_margin=\u00bb||10px||false|false\u00bb global_colors_info=\u00bb{}\u00bb][\/et_pb_image][et_pb_text _builder_version=\u00bb4.24.3&#8243; _module_preset=\u00bbdefault\u00bb text_font=\u00bb|300|||||||\u00bb header_3_font=\u00bbUbuntu|700|||||||\u00bb header_4_font=\u00bbUbuntu||||||||\u00bb header_4_text_align=\u00bbcenter\u00bb header_4_text_color=\u00bb#000000&#8243; header_4_font_size=\u00bb30px\u00bb text_orientation=\u00bbcenter\u00bb max_width=\u00bb300px\u00bb max_width_tablet=\u00bb300px\u00bb max_width_phone=\u00bb100%\u00bb max_width_last_edited=\u00bbon|phone\u00bb module_alignment=\u00bbcenter\u00bb custom_margin=\u00bb||20px||false|false\u00bb text_font_size_tablet=\u00bb24px\u00bb text_font_size_phone=\u00bb22px\u00bb text_font_size_last_edited=\u00bbon|phone\u00bb text_line_height_tablet=\u00bb\u00bb text_line_height_phone=\u00bb1.4em\u00bb text_line_height_last_edited=\u00bbon|phone\u00bb header_4_font_size_tablet=\u00bb30px\u00bb header_4_font_size_phone=\u00bb24px\u00bb header_4_font_size_last_edited=\u00bbon|phone\u00bb global_colors_info=\u00bb{}\u00bb]<\/p>\n<p>5 clases de surf seg\u00fan nivel y en peque\u00f1os grupos de m\u00e1ximo 6 alumnos por instructor.<\/p>\n<p>[\/et_pb_text][\/et_pb_column][et_pb_column type=\u00bb1_6&#8243; _builder_version=\u00bb4.24.2&#8243; _module_preset=\u00bbdefault\u00bb global_colors_info=\u00bb{}\u00bb][et_pb_image src=\u00bbhttps:\/\/protestsurfcenter.com\/wp-content\/uploads\/2024\/04\/img-ico-wave-big-surfschool-beginners-protestsurfcenter.png\u00bb align=\u00bbcenter\u00bb _builder_version=\u00bb4.24.2&#8243; _module_preset=\u00bbdefault\u00bb custom_margin=\u00bb||10px||false|false\u00bb global_colors_info=\u00bb{}\u00bb][\/et_pb_image][et_pb_text _builder_version=\u00bb4.24.3&#8243; _module_preset=\u00bbdefault\u00bb text_font=\u00bb|300|||||||\u00bb header_3_font=\u00bbUbuntu|700|||||||\u00bb header_4_font=\u00bbUbuntu||||||||\u00bb header_4_text_align=\u00bbcenter\u00bb header_4_text_color=\u00bb#000000&#8243; header_4_font_size=\u00bb30px\u00bb text_orientation=\u00bbcenter\u00bb max_width=\u00bb300px\u00bb max_width_tablet=\u00bb300px\u00bb max_width_phone=\u00bb100%\u00bb max_width_last_edited=\u00bbon|phone\u00bb module_alignment=\u00bbcenter\u00bb custom_margin=\u00bb||20px||false|false\u00bb text_font_size_tablet=\u00bb24px\u00bb text_font_size_phone=\u00bb22px\u00bb text_font_size_last_edited=\u00bbon|phone\u00bb text_line_height_tablet=\u00bb\u00bb text_line_height_phone=\u00bb1.4em\u00bb text_line_height_last_edited=\u00bbon|phone\u00bb header_4_font_size_tablet=\u00bb30px\u00bb header_4_font_size_phone=\u00bb24px\u00bb header_4_font_size_last_edited=\u00bbon|phone\u00bb global_colors_info=\u00bb{}\u00bb]<\/p>\n<p>3 clases de Yoga.<\/p>\n<p>[\/et_pb_text][\/et_pb_column][et_pb_column type=\u00bb1_6&#8243; _builder_version=\u00bb4.24.2&#8243; _module_preset=\u00bbdefault\u00bb global_colors_info=\u00bb{}\u00bb][et_pb_image src=\u00bbhttps:\/\/protestsurfcenter.com\/wp-content\/uploads\/2024\/04\/img-ico-wave-big-surfschool-beginners-protestsurfcenter.png\u00bb align=\u00bbcenter\u00bb _builder_version=\u00bb4.24.2&#8243; _module_preset=\u00bbdefault\u00bb custom_margin=\u00bb||10px||false|false\u00bb global_colors_info=\u00bb{}\u00bb][\/et_pb_image][et_pb_text _builder_version=\u00bb4.24.2&#8243; _module_preset=\u00bbdefault\u00bb text_font=\u00bb|300|||||||\u00bb header_3_font=\u00bbUbuntu|700|||||||\u00bb header_4_font=\u00bbUbuntu||||||||\u00bb header_4_text_align=\u00bbcenter\u00bb header_4_text_color=\u00bb#000000&#8243; header_4_font_size=\u00bb30px\u00bb text_orientation=\u00bbcenter\u00bb max_width=\u00bb300px\u00bb max_width_tablet=\u00bb300px\u00bb max_width_phone=\u00bb100%\u00bb max_width_last_edited=\u00bbon|phone\u00bb module_alignment=\u00bbcenter\u00bb custom_margin=\u00bb||20px||false|false\u00bb text_font_size_tablet=\u00bb24px\u00bb text_font_size_phone=\u00bb22px\u00bb text_font_size_last_edited=\u00bbon|phone\u00bb text_line_height_tablet=\u00bb\u00bb text_line_height_phone=\u00bb1.4em\u00bb text_line_height_last_edited=\u00bbon|phone\u00bb header_4_font_size_tablet=\u00bb30px\u00bb header_4_font_size_phone=\u00bb24px\u00bb header_4_font_size_last_edited=\u00bbon|phone\u00bb global_colors_info=\u00bb{}\u00bb]<\/p>\n<p>Transporte ida y vuelta al aeropuerto.<\/p>\n<p>[\/et_pb_text][\/et_pb_column][et_pb_column type=\u00bb1_6&#8243; _builder_version=\u00bb4.24.2&#8243; _module_preset=\u00bbdefault\u00bb global_colors_info=\u00bb{}\u00bb][et_pb_image src=\u00bbhttps:\/\/protestsurfcenter.com\/wp-content\/uploads\/2024\/04\/img-ico-wave-big-surfschool-beginners-protestsurfcenter.png\u00bb align=\u00bbcenter\u00bb _builder_version=\u00bb4.24.2&#8243; _module_preset=\u00bbdefault\u00bb custom_margin=\u00bb||10px||false|false\u00bb global_colors_info=\u00bb{}\u00bb][\/et_pb_image][et_pb_text _builder_version=\u00bb4.24.2&#8243; _module_preset=\u00bbdefault\u00bb text_font=\u00bb|300|||||||\u00bb header_3_font=\u00bbUbuntu|700|||||||\u00bb header_4_font=\u00bbUbuntu||||||||\u00bb header_4_text_align=\u00bbcenter\u00bb header_4_text_color=\u00bb#000000&#8243; header_4_font_size=\u00bb30px\u00bb text_orientation=\u00bbcenter\u00bb max_width=\u00bb300px\u00bb max_width_tablet=\u00bb300px\u00bb max_width_phone=\u00bb100%\u00bb max_width_last_edited=\u00bbon|phone\u00bb module_alignment=\u00bbcenter\u00bb custom_margin=\u00bb||20px||false|false\u00bb text_font_size_tablet=\u00bb24px\u00bb text_font_size_phone=\u00bb22px\u00bb text_font_size_last_edited=\u00bbon|phone\u00bb text_line_height_tablet=\u00bb\u00bb text_line_height_phone=\u00bb1.4em\u00bb text_line_height_last_edited=\u00bbon|phone\u00bb header_4_font_size_tablet=\u00bb30px\u00bb header_4_font_size_phone=\u00bb24px\u00bb header_4_font_size_last_edited=\u00bbon|phone\u00bb global_colors_info=\u00bb{}\u00bb]<\/p>\n<p>Pack de bienvenida Protest Surfcenter con camiseta incluida.<\/p>\n<p>[\/et_pb_text][\/et_pb_column][\/et_pb_row][\/et_pb_section][et_pb_section fb_built=\u00bb1&#8243; custom_padding_last_edited=\u00bbon|phone\u00bb _builder_version=\u00bb4.26.0&#8243; _module_preset=\u00bbdefault\u00bb custom_margin=\u00bb0px||||false|false\u00bb custom_padding=\u00bb0px||||false|false\u00bb custom_padding_tablet=\u00bb0px||||false|false\u00bb custom_padding_phone=\u00bb0px||0px||false|false\u00bb locked=\u00bboff\u00bb global_colors_info=\u00bb{}\u00bb][et_pb_row custom_padding_last_edited=\u00bbon|tablet\u00bb _builder_version=\u00bb4.25.0&#8243; _module_preset=\u00bbdefault\u00bb custom_margin=\u00bb||||false|false\u00bb custom_padding_tablet=\u00bb0px||||false|false\u00bb custom_padding_phone=\u00bb0px||||false|false\u00bb locked=\u00bboff\u00bb global_colors_info=\u00bb{}\u00bb][et_pb_column type=\u00bb4_4&#8243; _builder_version=\u00bb4.24.2&#8243; _module_preset=\u00bbdefault\u00bb global_colors_info=\u00bb{}\u00bb][et_pb_heading title=\u00bbel surf CAMP LAJARES HABITACIONES PRECIOS\u00bb _builder_version=\u00bb4.25.0&#8243; _module_preset=\u00bbdefault\u00bb title_level=\u00bbh2&#8243; title_text_align=\u00bbcenter\u00bb title_font_size=\u00bb52px\u00bb custom_margin=\u00bb40px||0px||false|false\u00bb custom_padding=\u00bb||0px||false|false\u00bb title_font_size_tablet=\u00bb50px\u00bb title_font_size_phone=\u00bb40px\u00bb title_font_size_last_edited=\u00bbon|phone\u00bb locked=\u00bboff\u00bb global_colors_info=\u00bb{}\u00bb][\/et_pb_heading][et_pb_image src=\u00bbhttps:\/\/protestsurfcenter.com\/wp-content\/uploads\/2025\/01\/img-precios-es-surf-camp-lajares-protestsurfcenter-1.png\u00bb alt=\u00bbPrecios &#8211; surf camp Lajares\u00bb align=\u00bbcenter\u00bb _builder_version=\u00bb4.27.4&#8243; _module_preset=\u00bbdefault\u00bb custom_margin=\u00bb60px||||false|false\u00bb custom_margin_tablet=\u00bb60px||||false|false\u00bb custom_margin_phone=\u00bb20px||||false|false\u00bb custom_margin_last_edited=\u00bbon|phone\u00bb global_colors_info=\u00bb{}\u00bb][\/et_pb_image][et_pb_text _builder_version=\u00bb4.27.0&#8243; _module_preset=\u00bbdefault\u00bb text_orientation=\u00bbcenter\u00bb global_colors_info=\u00bb{}\u00bb]<\/p>\n<p>Si desea permanecer m\u00e1s de una semana, p\u00f3ngase en <a href=\"https:\/\/protestsurfcenter.com\/es\/contacto\/\">contacto<\/a> con nosotros para obtener un precio personalizado.<\/p>\n<p>[\/et_pb_text][\/et_pb_column][\/et_pb_row][et_pb_row _builder_version=\u00bb4.25.0&#8243; _module_preset=\u00bbdefault\u00bb custom_margin=\u00bb60px||||false|false\u00bb custom_margin_tablet=\u00bb60px||||false|false\u00bb custom_margin_phone=\u00bb30px||0px||false|false\u00bb custom_margin_last_edited=\u00bbon|tablet\u00bb global_colors_info=\u00bb{}\u00bb][et_pb_column type=\u00bb4_4&#8243; _builder_version=\u00bb4.24.2&#8243; _module_preset=\u00bbdefault\u00bb global_colors_info=\u00bb{}\u00bb][et_pb_heading title=\u00bb\u00a1Surfea tus sue\u00f1os con nosotros!\u00bb title_last_edited=\u00bboff|phone\u00bb _builder_version=\u00bb4.24.2&#8243; _module_preset=\u00bbdefault\u00bb title_level=\u00bbh2&#8243; title_font=\u00bbPacifico||||||||\u00bb title_text_align=\u00bbcenter\u00bb title_font_size=\u00bb65px\u00bb max_width_tablet=\u00bb\u00bb max_width_phone=\u00bb100%\u00bb max_width_last_edited=\u00bbon|desktop\u00bb module_alignment=\u00bbcenter\u00bb title_font_size_tablet=\u00bb55px\u00bb title_font_size_phone=\u00bb40px\u00bb title_font_size_last_edited=\u00bbon|phone\u00bb title_line_height_tablet=\u00bb\u00bb title_line_height_phone=\u00bb1.2em\u00bb title_line_height_last_edited=\u00bbon|phone\u00bb locked=\u00bboff\u00bb global_colors_info=\u00bb{}\u00bb][\/et_pb_heading][et_pb_button button_url=\u00bbhttps:\/\/app.bukyapp.com\/front\/68ebcd56f627bb360437e6e4\/product\/68fd021987a73142d392c665&#8243; url_new_window=\u00bbon\u00bb button_text=\u00bbRESERVA AQU\u00cd\u00bb button_alignment=\u00bbcenter\u00bb button_alignment_tablet=\u00bbcenter\u00bb button_alignment_phone=\u00bbcenter\u00bb button_alignment_last_edited=\u00bbon|tablet\u00bb disabled_on=\u00bboff|off|off\u00bb _builder_version=\u00bb4.27.4&#8243; _module_preset=\u00bbdefault\u00bb custom_button=\u00bbon\u00bb button_text_size=\u00bb40px\u00bb button_bg_color=\u00bb#fc7484&#8243; button_border_radius=\u00bb45px\u00bb button_font=\u00bbBebas Neue||||||||\u00bb background_layout=\u00bbdark\u00bb custom_padding=\u00bb4px||4px||true|false\u00bb hover_enabled=\u00bb0&#8243; button_text_size_tablet=\u00bb40px\u00bb button_text_size_phone=\u00bb35px\u00bb button_text_size_last_edited=\u00bbon|phone\u00bb locked=\u00bboff\u00bb global_colors_info=\u00bb{}\u00bb sticky_enabled=\u00bb0&#8243;][\/et_pb_button][\/et_pb_column][\/et_pb_row][\/et_pb_section]<\/p>\n","protected":false},"excerpt":{"rendered":"<p>\u00a1Ven a Lajares, Fuerteventura! Una semana de surf, yoga y deliciosa cocina en un exuberante oasis. \u00a1Diversi\u00f3n asegurada en el vibrante coraz\u00f3n de este para\u00edso del surf!  <\/p>\n","protected":false},"author":1,"featured_media":3358,"parent":2457,"menu_order":0,"comment_status":"closed","ping_status":"closed","template":"","meta":{"_et_pb_use_builder":"on","_et_pb_old_content":"","_et_gb_content_width":"","footnotes":""},"class_list":["post-3482","page","type-page","status-publish","has-post-thumbnail","hentry"],"yoast_head":"<!-- This site is optimized with the Yoast SEO plugin v26.3 - https:\/\/yoast.com\/wordpress\/plugins\/seo\/ -->\n<title>El Surf Camp en Lajares (Fuerteventura) | Protest Surfcenter<\/title>\n<meta name=\"description\" content=\"\u00a1Ven a Lajares, Fuerteventura! Una semana de surf, yoga y deliciosa cocina en un exuberante oasis. \u00a1Diversi\u00f3n asegurada en el vibrante coraz\u00f3n de este para\u00edso del surf!\" \/>\n<meta name=\"robots\" content=\"index, follow, max-snippet:-1, max-image-preview:large, max-video-preview:-1\" \/>\n<link rel=\"canonical\" href=\"https:\/\/protestsurfcenter.com\/es\/campamento-de-surf\/surf-camp-lajares\/\" \/>\n<meta property=\"og:locale\" content=\"es_ES\" \/>\n<meta property=\"og:type\" content=\"article\" \/>\n<meta property=\"og:title\" content=\"El Surf Camp en Lajares (Fuerteventura) | Protest Surfcenter\" \/>\n<meta property=\"og:description\" content=\"\u00a1Ven a Lajares, Fuerteventura! Una semana de surf, yoga y deliciosa cocina en un exuberante oasis. \u00a1Diversi\u00f3n asegurada en el vibrante coraz\u00f3n de este para\u00edso del surf!\" \/>\n<meta property=\"og:url\" content=\"https:\/\/protestsurfcenter.com\/es\/campamento-de-surf\/surf-camp-lajares\/\" \/>\n<meta property=\"og:site_name\" content=\"Protest Surfcenter\" \/>\n<meta property=\"article:modified_time\" content=\"2025-11-06T08:33:15+00:00\" \/>\n<meta property=\"og:image\" content=\"https:\/\/protestsurfcenter.com\/wp-content\/uploads\/2024\/12\/img-top-surf-camp-lajares-protestsurfcenter-1024x407.jpg\" \/>\n<meta name=\"twitter:card\" content=\"summary_large_image\" \/>\n<meta name=\"twitter:title\" content=\"El Surf Camp en Lajares (Fuerteventura) | Protest Surfcenter\" \/>\n<meta name=\"twitter:description\" content=\"\u00a1Ven a Lajares, Fuerteventura! Una semana de surf, yoga y deliciosa cocina en un exuberante oasis. \u00a1Diversi\u00f3n asegurada en el vibrante coraz\u00f3n de este para\u00edso del surf!\" \/>\n<meta name=\"twitter:image\" content=\"https:\/\/protestsurfcenter.com\/wp-content\/uploads\/2024\/12\/img-top-surf-camp-lajares-protestsurfcenter-1024x407.jpg\" \/>\n<meta name=\"twitter:label1\" content=\"Tiempo de lectura\" \/>\n\t<meta name=\"twitter:data1\" content=\"22 minutos\" \/>\n<script type=\"application\/ld+json\" class=\"yoast-schema-graph\">{\"@context\":\"https:\/\/schema.org\",\"@graph\":[{\"@type\":\"WebPage\",\"@id\":\"https:\/\/protestsurfcenter.com\/es\/campamento-de-surf\/surf-camp-lajares\/\",\"url\":\"https:\/\/protestsurfcenter.com\/es\/campamento-de-surf\/surf-camp-lajares\/\",\"name\":\"El Surf Camp en Lajares (Fuerteventura) | Protest Surfcenter\",\"isPartOf\":{\"@id\":\"https:\/\/protestsurfcenter.com\/es\/#website\"},\"primaryImageOfPage\":{\"@id\":\"https:\/\/protestsurfcenter.com\/es\/campamento-de-surf\/surf-camp-lajares\/#primaryimage\"},\"image\":{\"@id\":\"https:\/\/protestsurfcenter.com\/es\/campamento-de-surf\/surf-camp-lajares\/#primaryimage\"},\"thumbnailUrl\":\"https:\/\/protestsurfcenter.com\/wp-content\/uploads\/2024\/12\/img-top-surf-camp-lajares-protestsurfcenter.jpg\",\"datePublished\":\"2024-12-29T08:12:39+00:00\",\"dateModified\":\"2025-11-06T08:33:15+00:00\",\"description\":\"\u00a1Ven a Lajares, Fuerteventura! Una semana de surf, yoga y deliciosa cocina en un exuberante oasis. \u00a1Diversi\u00f3n asegurada en el vibrante coraz\u00f3n de este para\u00edso del surf!\",\"breadcrumb\":{\"@id\":\"https:\/\/protestsurfcenter.com\/es\/campamento-de-surf\/surf-camp-lajares\/#breadcrumb\"},\"inLanguage\":\"es\",\"potentialAction\":[{\"@type\":\"ReadAction\",\"target\":[\"https:\/\/protestsurfcenter.com\/es\/campamento-de-surf\/surf-camp-lajares\/\"]}]},{\"@type\":\"ImageObject\",\"inLanguage\":\"es\",\"@id\":\"https:\/\/protestsurfcenter.com\/es\/campamento-de-surf\/surf-camp-lajares\/#primaryimage\",\"url\":\"https:\/\/protestsurfcenter.com\/wp-content\/uploads\/2024\/12\/img-top-surf-camp-lajares-protestsurfcenter.jpg\",\"contentUrl\":\"https:\/\/protestsurfcenter.com\/wp-content\/uploads\/2024\/12\/img-top-surf-camp-lajares-protestsurfcenter.jpg\",\"width\":1920,\"height\":763},{\"@type\":\"BreadcrumbList\",\"@id\":\"https:\/\/protestsurfcenter.com\/es\/campamento-de-surf\/surf-camp-lajares\/#breadcrumb\",\"itemListElement\":[{\"@type\":\"ListItem\",\"position\":1,\"name\":\"Home\",\"item\":\"https:\/\/protestsurfcenter.com\/es\/\"},{\"@type\":\"ListItem\",\"position\":2,\"name\":\"Campamento de surf\",\"item\":\"https:\/\/protestsurfcenter.com\/es\/surf-camp\/\"},{\"@type\":\"ListItem\",\"position\":3,\"name\":\"Surf Camp Lajares\"}]},{\"@type\":\"WebSite\",\"@id\":\"https:\/\/protestsurfcenter.com\/es\/#website\",\"url\":\"https:\/\/protestsurfcenter.com\/es\/\",\"name\":\"Protest Surfcenter\",\"description\":\"Surfschool - Shop &amp; Surfcamp in Fuerteventura\",\"potentialAction\":[{\"@type\":\"SearchAction\",\"target\":{\"@type\":\"EntryPoint\",\"urlTemplate\":\"https:\/\/protestsurfcenter.com\/es\/?s={search_term_string}\"},\"query-input\":{\"@type\":\"PropertyValueSpecification\",\"valueRequired\":true,\"valueName\":\"search_term_string\"}}],\"inLanguage\":\"es\"}]}<\/script>\n<!-- \/ Yoast SEO plugin. -->","yoast_head_json":{"title":"El Surf Camp en Lajares (Fuerteventura) | Protest Surfcenter","description":"\u00a1Ven a Lajares, Fuerteventura! Una semana de surf, yoga y deliciosa cocina en un exuberante oasis. \u00a1Diversi\u00f3n asegurada en el vibrante coraz\u00f3n de este para\u00edso del surf!","robots":{"index":"index","follow":"follow","max-snippet":"max-snippet:-1","max-image-preview":"max-image-preview:large","max-video-preview":"max-video-preview:-1"},"canonical":"https:\/\/protestsurfcenter.com\/es\/campamento-de-surf\/surf-camp-lajares\/","og_locale":"es_ES","og_type":"article","og_title":"El Surf Camp en Lajares (Fuerteventura) | Protest Surfcenter","og_description":"\u00a1Ven a Lajares, Fuerteventura! Una semana de surf, yoga y deliciosa cocina en un exuberante oasis. \u00a1Diversi\u00f3n asegurada en el vibrante coraz\u00f3n de este para\u00edso del surf!","og_url":"https:\/\/protestsurfcenter.com\/es\/campamento-de-surf\/surf-camp-lajares\/","og_site_name":"Protest Surfcenter","article_modified_time":"2025-11-06T08:33:15+00:00","og_image":[{"url":"https:\/\/protestsurfcenter.com\/wp-content\/uploads\/2024\/12\/img-top-surf-camp-lajares-protestsurfcenter-1024x407.jpg","type":"","width":"","height":""}],"twitter_card":"summary_large_image","twitter_title":"El Surf Camp en Lajares (Fuerteventura) | Protest Surfcenter","twitter_description":"\u00a1Ven a Lajares, Fuerteventura! Una semana de surf, yoga y deliciosa cocina en un exuberante oasis. \u00a1Diversi\u00f3n asegurada en el vibrante coraz\u00f3n de este para\u00edso del surf!","twitter_image":"https:\/\/protestsurfcenter.com\/wp-content\/uploads\/2024\/12\/img-top-surf-camp-lajares-protestsurfcenter-1024x407.jpg","twitter_misc":{"Tiempo de lectura":"22 minutos"},"schema":{"@context":"https:\/\/schema.org","@graph":[{"@type":"WebPage","@id":"https:\/\/protestsurfcenter.com\/es\/campamento-de-surf\/surf-camp-lajares\/","url":"https:\/\/protestsurfcenter.com\/es\/campamento-de-surf\/surf-camp-lajares\/","name":"El Surf Camp en Lajares (Fuerteventura) | Protest Surfcenter","isPartOf":{"@id":"https:\/\/protestsurfcenter.com\/es\/#website"},"primaryImageOfPage":{"@id":"https:\/\/protestsurfcenter.com\/es\/campamento-de-surf\/surf-camp-lajares\/#primaryimage"},"image":{"@id":"https:\/\/protestsurfcenter.com\/es\/campamento-de-surf\/surf-camp-lajares\/#primaryimage"},"thumbnailUrl":"https:\/\/protestsurfcenter.com\/wp-content\/uploads\/2024\/12\/img-top-surf-camp-lajares-protestsurfcenter.jpg","datePublished":"2024-12-29T08:12:39+00:00","dateModified":"2025-11-06T08:33:15+00:00","description":"\u00a1Ven a Lajares, Fuerteventura! Una semana de surf, yoga y deliciosa cocina en un exuberante oasis. \u00a1Diversi\u00f3n asegurada en el vibrante coraz\u00f3n de este para\u00edso del surf!","breadcrumb":{"@id":"https:\/\/protestsurfcenter.com\/es\/campamento-de-surf\/surf-camp-lajares\/#breadcrumb"},"inLanguage":"es","potentialAction":[{"@type":"ReadAction","target":["https:\/\/protestsurfcenter.com\/es\/campamento-de-surf\/surf-camp-lajares\/"]}]},{"@type":"ImageObject","inLanguage":"es","@id":"https:\/\/protestsurfcenter.com\/es\/campamento-de-surf\/surf-camp-lajares\/#primaryimage","url":"https:\/\/protestsurfcenter.com\/wp-content\/uploads\/2024\/12\/img-top-surf-camp-lajares-protestsurfcenter.jpg","contentUrl":"https:\/\/protestsurfcenter.com\/wp-content\/uploads\/2024\/12\/img-top-surf-camp-lajares-protestsurfcenter.jpg","width":1920,"height":763},{"@type":"BreadcrumbList","@id":"https:\/\/protestsurfcenter.com\/es\/campamento-de-surf\/surf-camp-lajares\/#breadcrumb","itemListElement":[{"@type":"ListItem","position":1,"name":"Home","item":"https:\/\/protestsurfcenter.com\/es\/"},{"@type":"ListItem","position":2,"name":"Campamento de surf","item":"https:\/\/protestsurfcenter.com\/es\/surf-camp\/"},{"@type":"ListItem","position":3,"name":"Surf Camp Lajares"}]},{"@type":"WebSite","@id":"https:\/\/protestsurfcenter.com\/es\/#website","url":"https:\/\/protestsurfcenter.com\/es\/","name":"Protest Surfcenter","description":"Surfschool - Shop &amp; Surfcamp in Fuerteventura","potentialAction":[{"@type":"SearchAction","target":{"@type":"EntryPoint","urlTemplate":"https:\/\/protestsurfcenter.com\/es\/?s={search_term_string}"},"query-input":{"@type":"PropertyValueSpecification","valueRequired":true,"valueName":"search_term_string"}}],"inLanguage":"es"}]}},"_links":{"self":[{"href":"https:\/\/protestsurfcenter.com\/es\/wp-json\/wp\/v2\/pages\/3482","targetHints":{"allow":["GET"]}}],"collection":[{"href":"https:\/\/protestsurfcenter.com\/es\/wp-json\/wp\/v2\/pages"}],"about":[{"href":"https:\/\/protestsurfcenter.com\/es\/wp-json\/wp\/v2\/types\/page"}],"author":[{"embeddable":true,"href":"https:\/\/protestsurfcenter.com\/es\/wp-json\/wp\/v2\/users\/1"}],"replies":[{"embeddable":true,"href":"https:\/\/protestsurfcenter.com\/es\/wp-json\/wp\/v2\/comments?post=3482"}],"version-history":[{"count":7,"href":"https:\/\/protestsurfcenter.com\/es\/wp-json\/wp\/v2\/pages\/3482\/revisions"}],"predecessor-version":[{"id":3698,"href":"https:\/\/protestsurfcenter.com\/es\/wp-json\/wp\/v2\/pages\/3482\/revisions\/3698"}],"up":[{"embeddable":true,"href":"https:\/\/protestsurfcenter.com\/es\/wp-json\/wp\/v2\/pages\/2457"}],"wp:featuredmedia":[{"embeddable":true,"href":"https:\/\/protestsurfcenter.com\/es\/wp-json\/wp\/v2\/media\/3358"}],"wp:attachment":[{"href":"https:\/\/protestsurfcenter.com\/es\/wp-json\/wp\/v2\/media?parent=3482"}],"curies":[{"name":"wp","href":"https:\/\/api.w.org\/{rel}","templated":true}]}}