{"id":3518,"date":"2024-12-29T08:12:39","date_gmt":"2024-12-29T08:12:39","guid":{"rendered":"https:\/\/protestsurfcenter.com\/campi-di-surf\/surf-camp-lajares\/"},"modified":"2025-11-03T19:22:06","modified_gmt":"2025-11-03T19:22:06","slug":"surf-camp-lajares","status":"publish","type":"page","link":"https:\/\/protestsurfcenter.com\/it\/campi-di-surf\/surf-camp-lajares\/","title":{"rendered":"Surf Camp Lajares"},"content":{"rendered":"<p>[et_pb_section fb_built=&#8221;1&#8243; fullwidth=&#8221;on&#8221; _builder_version=&#8221;4.24.2&#8243; _module_preset=&#8221;default&#8221; locked=&#8221;off&#8221; global_colors_info=&#8221;{}&#8221;][et_pb_fullwidth_slider show_image_video_mobile=&#8221;on&#8221; _builder_version=&#8221;4.27.0&#8243; _module_preset=&#8221;default&#8221; min_height=&#8221;800px&#8221; min_height_tablet=&#8221;450px&#8221; min_height_phone=&#8221;300px&#8221; min_height_last_edited=&#8221;on|phone&#8221; custom_padding=&#8221;||||false|false&#8221; custom_padding_tablet=&#8221;||||true|false&#8221; custom_padding_phone=&#8221;0px||0px||false|false&#8221; custom_padding_last_edited=&#8221;on|desktop&#8221; auto=&#8221;on&#8221; global_colors_info=&#8221;{}&#8221; custom_css_slide_image_last_edited=&#8221;off|phone&#8221; filter_opacity__hover_enabled=&#8221;off|desktop&#8221; filter_opacity__hover=&#8221;90%&#8221; transform_styles__hover_enabled=&#8221;off|desktop&#8221; transform_scale__hover_enabled=&#8221;off|desktop&#8221; transform_translate__hover_enabled=&#8221;off|desktop&#8221; transform_rotate__hover_enabled=&#8221;off|desktop&#8221; transform_skew__hover_enabled=&#8221;off|desktop&#8221; transform_origin__hover_enabled=&#8221;off|desktop&#8221; transform_scale__hover=&#8221;105%|105%&#8221;][et_pb_slide admin_title=&#8221;surfschool&#8221; image_last_edited=&#8221;off|phone&#8221; _builder_version=&#8221;4.27.0&#8243; _module_preset=&#8221;default&#8221; background_image=&#8221;https:\/\/protestsurfcenter.com\/wp-content\/uploads\/2024\/12\/img-top-surf-camp-lajares-protestsurfcenter.jpg&#8221; background_enable_image=&#8221;on&#8221; custom_padding=&#8221;||||false|false&#8221; link_option_url=&#8221;#&#8221; background_last_edited=&#8221;on|phone&#8221; background_position_phone=&#8221;center&#8221; global_colors_info=&#8221;{}&#8221; sticky_transition=&#8221;on&#8221;][\/et_pb_slide][\/et_pb_fullwidth_slider][\/et_pb_section][et_pb_section fb_built=&#8221;1&#8243; _builder_version=&#8221;4.24.2&#8243; _module_preset=&#8221;default&#8221; custom_margin=&#8221;0px||||false|false&#8221; custom_padding=&#8221;0px||||false|false&#8221; locked=&#8221;off&#8221; global_colors_info=&#8221;{}&#8221;][et_pb_row _builder_version=&#8221;4.25.0&#8243; _module_preset=&#8221;default&#8221; width=&#8221;90%&#8221; max_width=&#8221;90%&#8221; custom_margin=&#8221;0px||60px||false|false&#8221; custom_margin_tablet=&#8221;||35px||false|false&#8221; custom_margin_phone=&#8221;||20px||false|false&#8221; custom_margin_last_edited=&#8221;on|tablet&#8221; custom_padding=&#8221;0px||||false|false&#8221; global_colors_info=&#8221;{}&#8221;][et_pb_column type=&#8221;4_4&#8243; _builder_version=&#8221;4.24.2&#8243; _module_preset=&#8221;default&#8221; global_colors_info=&#8221;{}&#8221;][et_pb_image src=&#8221;https:\/\/protestsurfcenter.com\/wp-content\/uploads\/2024\/04\/img-tag-surfcamp-protestsurfcenter.png&#8221; align=&#8221;right&#8221; _builder_version=&#8221;4.27.0&#8243; _module_preset=&#8221;default&#8221; max_width_tablet=&#8221;250px&#8221; max_width_phone=&#8221;180px&#8221; max_width_last_edited=&#8221;on|tablet&#8221; custom_margin=&#8221;-400px||||false|false&#8221; custom_margin_tablet=&#8221;-200px||||false|false&#8221; custom_margin_phone=&#8221;-140px||||false|false&#8221; custom_margin_last_edited=&#8221;on|phone&#8221; animation_style=&#8221;fade&#8221; global_colors_info=&#8221;{}&#8221;][\/et_pb_image][et_pb_heading title=&#8221;Surf camp Lajares&#8221; _builder_version=&#8221;4.26.0&#8243; _module_preset=&#8221;default&#8221; title_font=&#8221;Pacifico||||||||&#8221; title_text_align=&#8221;center&#8221; title_font_size=&#8221;100px&#8221; transform_rotate=&#8221;0deg|0deg|355deg&#8221; custom_margin=&#8221;||||false|false&#8221; custom_margin_tablet=&#8221;||100px||false|false&#8221; custom_margin_phone=&#8221;||45px||false|false&#8221; custom_margin_last_edited=&#8221;off|desktop&#8221; title_font_size_tablet=&#8221;90px&#8221; title_font_size_phone=&#8221;55px&#8221; title_font_size_last_edited=&#8221;on|phone&#8221; title_line_height_tablet=&#8221;&#8221; title_line_height_phone=&#8221;1em&#8221; title_line_height_last_edited=&#8221;on|phone&#8221; locked=&#8221;off&#8221; global_colors_info=&#8221;{}&#8221;][\/et_pb_heading][et_pb_heading title=&#8221;Campo di surf e yoga all inclusive a Lajares&#8221; _builder_version=&#8221;4.26.0&#8243; _module_preset=&#8221;default&#8221; title_level=&#8221;h2&#8243; title_text_align=&#8221;center&#8221; title_font_size=&#8221;80px&#8221; title_line_height=&#8221;0.8em&#8221; module_alignment=&#8221;center&#8221; custom_margin=&#8221;0px||0px||false|false&#8221; custom_margin_tablet=&#8221;10px||0px||false|false&#8221; custom_margin_phone=&#8221;10px||0px||false|false&#8221; custom_margin_last_edited=&#8221;on|tablet&#8221; custom_padding=&#8221;0px||0px||false|false&#8221; title_font_size_tablet=&#8221;70px&#8221; title_font_size_phone=&#8221;45px&#8221; title_font_size_last_edited=&#8221;on|phone&#8221; title_line_height_tablet=&#8221;0.8em&#8221; title_line_height_phone=&#8221;0.8em&#8221; title_line_height_last_edited=&#8221;on|tablet&#8221; locked=&#8221;off&#8221; global_colors_info=&#8221;{}&#8221;][\/et_pb_heading][et_pb_text _builder_version=&#8221;4.27.0&#8243; _module_preset=&#8221;default&#8221; text_font=&#8221;|300|||||||&#8221; text_line_height=&#8221;1.4em&#8221; text_orientation=&#8221;center&#8221; width=&#8221;1024px&#8221; width_tablet=&#8221;100%&#8221; width_phone=&#8221;100%&#8221; width_last_edited=&#8221;on|tablet&#8221; module_alignment=&#8221;center&#8221; text_font_size_tablet=&#8221;24px&#8221; text_font_size_phone=&#8221;22px&#8221; text_font_size_last_edited=&#8221;on|tablet&#8221; locked=&#8221;off&#8221; global_colors_info=&#8221;{}&#8221;]<\/p>\n<p><strong><\/strong>Fuggite in un&#8217;oasi verde nel cuore di Lajares, la vivace citt\u00e0 del surf di Fuerteventura. Immergetevi in una settimana di pura gioia, dove surf, yoga e cucina deliziosa si fondono in perfetta armonia!  <\/p>\n<p>[\/et_pb_text][\/et_pb_column][\/et_pb_row][et_pb_row _builder_version=&#8221;4.25.0&#8243; _module_preset=&#8221;default&#8221; max_width=&#8221;80%&#8221; global_colors_info=&#8221;{}&#8221;][et_pb_column type=&#8221;4_4&#8243; _builder_version=&#8221;4.25.0&#8243; _module_preset=&#8221;default&#8221; global_colors_info=&#8221;{}&#8221;][et_pb_image src=&#8221;https:\/\/protestsurfcenter.com\/wp-content\/uploads\/2024\/12\/img-001a-surf-camp-lajares-protestsurfcenter.jpg&#8221; alt=&#8221;Surf Camp Lajares &#8211; Yoga e chill out&#8221; _builder_version=&#8221;4.27.0&#8243; _module_preset=&#8221;default&#8221; global_colors_info=&#8221;{}&#8221;][\/et_pb_image][\/et_pb_column][\/et_pb_row][et_pb_row custom_padding_last_edited=&#8221;on|phone&#8221; _builder_version=&#8221;4.27.0&#8243; _module_preset=&#8221;default&#8221; custom_margin=&#8221;50px||50px||false|false&#8221; custom_margin_tablet=&#8221;10px||10px||true|false&#8221; custom_margin_phone=&#8221;0px||||false|false&#8221; custom_margin_last_edited=&#8221;on|tablet&#8221; custom_padding_tablet=&#8221;&#8221; custom_padding_phone=&#8221;0px||||false|false&#8221; locked=&#8221;off&#8221; global_colors_info=&#8221;{}&#8221;][et_pb_column type=&#8221;4_4&#8243; _builder_version=&#8221;4.24.2&#8243; _module_preset=&#8221;default&#8221; global_colors_info=&#8221;{}&#8221;][et_pb_heading title=&#8221;IL LUOGO PERFETTO PER RILASSARSI E INCONTRARE NUOVI AMICI&#8221; _builder_version=&#8221;4.25.0&#8243; _module_preset=&#8221;default&#8221; title_level=&#8221;h2&#8243; title_text_align=&#8221;center&#8221; title_font_size=&#8221;75px&#8221; title_line_height=&#8221;0.8em&#8221; module_alignment=&#8221;center&#8221; custom_margin=&#8221;0px||0px||false|false&#8221; custom_margin_tablet=&#8221;10px||0px||false|false&#8221; custom_margin_phone=&#8221;10px||0px||false|false&#8221; custom_margin_last_edited=&#8221;on|tablet&#8221; custom_padding=&#8221;0px||0px||false|false&#8221; title_font_size_tablet=&#8221;50px&#8221; title_font_size_phone=&#8221;45px&#8221; title_font_size_last_edited=&#8221;on|phone&#8221; title_line_height_tablet=&#8221;0.8em&#8221; title_line_height_phone=&#8221;0.8em&#8221; title_line_height_last_edited=&#8221;on|tablet&#8221; locked=&#8221;off&#8221; global_colors_info=&#8221;{}&#8221;][\/et_pb_heading][et_pb_text _builder_version=&#8221;4.27.0&#8243; _module_preset=&#8221;default&#8221; text_font=&#8221;|300||on|||||&#8221; text_line_height=&#8221;1.4em&#8221; text_orientation=&#8221;center&#8221; width_tablet=&#8221;100%&#8221; width_phone=&#8221;100%&#8221; width_last_edited=&#8221;on|tablet&#8221; module_alignment=&#8221;center&#8221; custom_padding=&#8221;4px|||||&#8221; text_font_size_tablet=&#8221;24px&#8221; text_font_size_phone=&#8221;22px&#8221; text_font_size_last_edited=&#8221;on|phone&#8221; locked=&#8221;off&#8221; global_colors_info=&#8221;{}&#8221;]<\/p>\n<p>Unitevi a noi per una settimana per ricaricarvi, riconnettervi e cavalcare le onde. Il vostro paradiso del surf e dello yoga vi aspetta!  <br \/><strong><\/strong><\/p>\n<p>[\/et_pb_text][\/et_pb_column][\/et_pb_row][et_pb_row column_structure=&#8221;1_2,1_2&#8243; use_custom_gutter=&#8221;on&#8221; make_equal=&#8221;on&#8221; custom_padding_last_edited=&#8221;on|phone&#8221; _builder_version=&#8221;4.27.0&#8243; _module_preset=&#8221;default&#8221; max_width=&#8221;70%&#8221; max_width_tablet=&#8221;70%&#8221; max_width_phone=&#8221;80%&#8221; max_width_last_edited=&#8221;on|phone&#8221; custom_margin=&#8221;||||false|false&#8221; custom_margin_tablet=&#8221;30px||60px||false|false&#8221; custom_margin_phone=&#8221;30px||30px||false|false&#8221; custom_margin_last_edited=&#8221;off|desktop&#8221; custom_padding=&#8221;||||false|false&#8221; custom_padding_tablet=&#8221;||||false|false&#8221; custom_padding_phone=&#8221;0px||0px||false|false&#8221; locked=&#8221;off&#8221; global_colors_info=&#8221;{}&#8221;][et_pb_column type=&#8221;1_2&#8243; _builder_version=&#8221;4.27.0&#8243; _module_preset=&#8221;default&#8221; custom_css_main_element=&#8221;display:flex;||flex-direction:column;||justify-content:center;&#8221; global_colors_info=&#8221;{}&#8221;][et_pb_image src=&#8221;https:\/\/protestsurfcenter.com\/wp-content\/uploads\/2025\/01\/img-002-01-surf-camp-lajares-protestsurfcenter.jpg&#8221; alt=&#8221;Prima colazione al campo da surf di Lajares&#8221; title_text=&#8221;img-002-01-surf-camp-lajares-protestsurfcenter&#8221; align=&#8221;right&#8221; force_fullwidth=&#8221;on&#8221; disabled_on=&#8221;off|off|off&#8221; _builder_version=&#8221;4.27.0&#8243; _module_preset=&#8221;default&#8221; global_colors_info=&#8221;{}&#8221;][\/et_pb_image][et_pb_image src=&#8221;https:\/\/protestsurfcenter.com\/wp-content\/uploads\/2025\/01\/img-002-02-surf-camp-lajares-protestsurfcenter.jpg&#8221; alt=&#8221;Colazione sana al surfcamp Lajares&#8221; align=&#8221;right&#8221; force_fullwidth=&#8221;on&#8221; disabled_on=&#8221;off|off|off&#8221; _builder_version=&#8221;4.27.0&#8243; _module_preset=&#8221;default&#8221; global_colors_info=&#8221;{}&#8221;][\/et_pb_image][et_pb_image src=&#8221;https:\/\/protestsurfcenter.com\/wp-content\/uploads\/2025\/01\/img-002-03-surf-camp-lajares-protestsurfcenter.jpg&#8221; alt=&#8221;Lezioni di surf nel surf camp di Lajares&#8221; align=&#8221;right&#8221; force_fullwidth=&#8221;on&#8221; disabled_on=&#8221;on|on|off&#8221; _builder_version=&#8221;4.27.0&#8243; _module_preset=&#8221;default&#8221; global_colors_info=&#8221;{}&#8221;][\/et_pb_image][\/et_pb_column][et_pb_column type=&#8221;1_2&#8243; _builder_version=&#8221;4.27.0&#8243; _module_preset=&#8221;default&#8221; z_index=&#8221;1&#8243; custom_padding=&#8221;||||false|false&#8221; custom_padding_tablet=&#8221;0px||||false|false&#8221; custom_padding_phone=&#8221;0px||||false|false&#8221; custom_padding_last_edited=&#8221;off|desktop&#8221; custom_css_main_element=&#8221;display:flex;||flex-direction:column;||justify-content:center;&#8221; global_colors_info=&#8221;{}&#8221;][et_pb_text disabled_on=&#8221;on|on|off&#8221; _builder_version=&#8221;4.27.0&#8243; _module_preset=&#8221;default&#8221; text_font=&#8221;|300|||||||&#8221; text_line_height=&#8221;1.4em&#8221; header_3_font=&#8221;Ubuntu|700|||||||&#8221; header_4_font=&#8221;Ubuntu||||||||&#8221; header_4_text_align=&#8221;center&#8221; header_4_text_color=&#8221;#000000&#8243; header_4_font_size=&#8221;30px&#8221; max_width_tablet=&#8221;100%&#8221; max_width_phone=&#8221;100%&#8221; max_width_last_edited=&#8221;off|desktop&#8221; module_alignment=&#8221;left&#8221; custom_margin=&#8221;||20px||false|false&#8221; text_font_size_tablet=&#8221;24px&#8221; text_font_size_phone=&#8221;22px&#8221; text_font_size_last_edited=&#8221;on|phone&#8221; text_line_height_phone=&#8221;1.4em&#8221; text_line_height_last_edited=&#8221;off|phone&#8221; header_4_font_size_tablet=&#8221;30px&#8221; header_4_font_size_phone=&#8221;24px&#8221; header_4_font_size_last_edited=&#8221;on|phone&#8221; text_orientation_tablet=&#8221;center&#8221; text_orientation_phone=&#8221;center&#8221; text_orientation_last_edited=&#8221;on|tablet&#8221; module_alignment_tablet=&#8221;center&#8221; module_alignment_phone=&#8221;center&#8221; module_alignment_last_edited=&#8221;on|tablet&#8221; locked=&#8221;off&#8221; global_colors_info=&#8221;{}&#8221;]<\/p>\n<p>Rilassatevi in piscina, circondatevi da una vegetazione lussureggiante, e gustate pasti nutrienti a base di ingredienti freschi di provenienza locale, carburante per le vostre giornate attive. La colazione \u00e8 inclusa ogni mattina. Pranzo e cena dal luned\u00ec al venerd\u00ec. Lajares \u00e8 una cittadina piccola ma piena di negozi, ristoranti e bar&#8230; tutti ispirati al surf \ud83d\ude42    <\/p>\n<p>Cavalcate le onde cristalline delle splendide spiagge di Fuerteventura, che siate principianti o surfisti esperti, I nostri istruttori esperti di Protest Surfcenter sceglieranno lo spot migliore della giornata in base al vostro livello. Le <strong>lezioni di surf<\/strong> includono tutta l&#8217;attrezzatura, la muta, la tavola, l&#8217;assicurazione , i trasferimenti e durano circa 4 ore al giorno.   <\/p>\n<p>E poi: allungate e rafforzate il vostro corpo con <strong>sessioni di yoga<\/strong> studiate per completare il vostro surf e portare pace alla vostra mente.<\/p>\n<p>Che siate alla ricerca del brivido delle onde, dell&#8217;equilibrio interiore o semplicemente di una pausa dalla routine, questo ritiro all-inclusive offre il mix perfetto di avventura e relax!<\/p>\n<p>[\/et_pb_text][et_pb_text disabled_on=&#8221;off|off|on&#8221; _builder_version=&#8221;4.27.0&#8243; _module_preset=&#8221;default&#8221; text_font=&#8221;|300|||||||&#8221; text_line_height=&#8221;1.4em&#8221; header_3_font=&#8221;Ubuntu|700|||||||&#8221; header_4_font=&#8221;Ubuntu||||||||&#8221; header_4_text_align=&#8221;center&#8221; header_4_text_color=&#8221;#000000&#8243; header_4_font_size=&#8221;30px&#8221; max_width_tablet=&#8221;100%&#8221; max_width_phone=&#8221;100%&#8221; max_width_last_edited=&#8221;off|desktop&#8221; module_alignment=&#8221;left&#8221; custom_margin=&#8221;||20px||false|false&#8221; text_font_size_tablet=&#8221;24px&#8221; text_font_size_phone=&#8221;22px&#8221; text_font_size_last_edited=&#8221;on|phone&#8221; text_line_height_phone=&#8221;1.4em&#8221; text_line_height_last_edited=&#8221;off|phone&#8221; header_4_font_size_tablet=&#8221;30px&#8221; header_4_font_size_phone=&#8221;24px&#8221; header_4_font_size_last_edited=&#8221;on|phone&#8221; text_orientation_tablet=&#8221;center&#8221; text_orientation_phone=&#8221;center&#8221; text_orientation_last_edited=&#8221;on|tablet&#8221; module_alignment_tablet=&#8221;center&#8221; module_alignment_phone=&#8221;center&#8221; module_alignment_last_edited=&#8221;on|tablet&#8221; locked=&#8221;off&#8221; global_colors_info=&#8221;{}&#8221;]<\/p>\n<p>Rilassatevi in piscina, circondatevi da una vegetazione lussureggiante, e gustate pasti nutrienti a base di ingredienti freschi di provenienza locale, carburante per le vostre giornate attive. La colazione \u00e8 inclusa ogni mattina. Pranzo e cena dal luned\u00ec al venerd\u00ec. Lajares \u00e8 una cittadina piccola ma piena di negozi, ristoranti e bar&#8230; tutti ispirati al surf \ud83d\ude42    <\/p>\n<p>[\/et_pb_text][et_pb_image src=&#8221;https:\/\/protestsurfcenter.com\/wp-content\/uploads\/2025\/01\/img-002-03-surf-camp-lajares-protestsurfcenter.jpg&#8221; alt=&#8221;Lezioni di surf nel surf camp di Lajares&#8221; align=&#8221;right&#8221; force_fullwidth=&#8221;on&#8221; disabled_on=&#8221;off|off|on&#8221; _builder_version=&#8221;4.27.0&#8243; _module_preset=&#8221;default&#8221; custom_margin=&#8221;15px||||false|false&#8221; global_colors_info=&#8221;{}&#8221;][\/et_pb_image][et_pb_text disabled_on=&#8221;off|off|on&#8221; _builder_version=&#8221;4.27.0&#8243; _module_preset=&#8221;default&#8221; text_font=&#8221;|300|||||||&#8221; text_line_height=&#8221;1.4em&#8221; header_3_font=&#8221;Ubuntu|700|||||||&#8221; header_4_font=&#8221;Ubuntu||||||||&#8221; header_4_text_align=&#8221;center&#8221; header_4_text_color=&#8221;#000000&#8243; header_4_font_size=&#8221;30px&#8221; max_width_tablet=&#8221;100%&#8221; max_width_phone=&#8221;100%&#8221; max_width_last_edited=&#8221;off|desktop&#8221; module_alignment=&#8221;left&#8221; custom_margin=&#8221;||20px||false|false&#8221; text_font_size_tablet=&#8221;24px&#8221; text_font_size_phone=&#8221;22px&#8221; text_font_size_last_edited=&#8221;on|phone&#8221; text_line_height_phone=&#8221;1.4em&#8221; text_line_height_last_edited=&#8221;off|phone&#8221; header_4_font_size_tablet=&#8221;30px&#8221; header_4_font_size_phone=&#8221;24px&#8221; header_4_font_size_last_edited=&#8221;on|phone&#8221; text_orientation_tablet=&#8221;center&#8221; text_orientation_phone=&#8221;center&#8221; text_orientation_last_edited=&#8221;on|tablet&#8221; module_alignment_tablet=&#8221;center&#8221; module_alignment_phone=&#8221;center&#8221; module_alignment_last_edited=&#8221;on|tablet&#8221; locked=&#8221;off&#8221; global_colors_info=&#8221;{}&#8221;]<\/p>\n<p>Cavalcate le onde cristalline delle splendide spiagge di Fuerteventura, che siate principianti o surfisti esperti, I nostri istruttori esperti di Protest Surfcenter sceglieranno lo spot migliore della giornata in base al vostro livello. Le <strong>lezioni di surf<\/strong> includono tutta l&#8217;attrezzatura, la muta, la tavola, l&#8217;assicurazione , i trasferimenti e durano circa 4 ore al giorno.   <\/p>\n<p>E poi: allungate e rafforzate il vostro corpo con <strong>sessioni di yoga<\/strong> studiate per completare il vostro surf e portare pace alla vostra mente.<\/p>\n<p>Che siate alla ricerca del brivido delle onde, dell&#8217;equilibrio interiore o semplicemente di una pausa dalla routine, questo ritiro all-inclusive offre il mix perfetto di avventura e relax!<\/p>\n<p>[\/et_pb_text][\/et_pb_column][\/et_pb_row][\/et_pb_section][et_pb_section fb_built=&#8221;1&#8243; custom_padding_last_edited=&#8221;on|tablet&#8221; _builder_version=&#8221;4.26.0&#8243; _module_preset=&#8221;default&#8221; custom_margin=&#8221;||||false|false&#8221; custom_margin_last_edited=&#8221;off|tablet&#8221; custom_padding=&#8221;||||false|false&#8221; custom_padding_tablet=&#8221;0px||||false|false&#8221; custom_padding_phone=&#8221;0px||0px||false|false&#8221; locked=&#8221;off&#8221; global_colors_info=&#8221;{}&#8221;][et_pb_row _builder_version=&#8221;4.25.0&#8243; _module_preset=&#8221;default&#8221; width=&#8221;90%&#8221; max_width=&#8221;90%&#8221; custom_margin=&#8221;0px||60px||false|false&#8221; custom_margin_tablet=&#8221;0px||60px||false|false&#8221; custom_margin_phone=&#8221;0px||20px||false|false&#8221; custom_margin_last_edited=&#8221;on|tablet&#8221; custom_padding=&#8221;0px||||false|false&#8221; global_colors_info=&#8221;{}&#8221;][et_pb_column type=&#8221;4_4&#8243; _builder_version=&#8221;4.24.2&#8243; _module_preset=&#8221;default&#8221; global_colors_info=&#8221;{}&#8221;][et_pb_heading title=&#8221;Camere&#8221; _builder_version=&#8221;4.26.0&#8243; _module_preset=&#8221;default&#8221; title_level=&#8221;h2&#8243; title_font=&#8221;Pacifico||||||||&#8221; title_text_align=&#8221;center&#8221; title_font_size=&#8221;100px&#8221; transform_rotate=&#8221;0deg|0deg|355deg&#8221; custom_margin=&#8221;||||false|false&#8221; custom_margin_tablet=&#8221;||100px||false|false&#8221; custom_margin_phone=&#8221;||45px||false|false&#8221; custom_margin_last_edited=&#8221;off|desktop&#8221; title_font_size_tablet=&#8221;90px&#8221; title_font_size_phone=&#8221;65px&#8221; title_font_size_last_edited=&#8221;on|phone&#8221; title_line_height_tablet=&#8221;&#8221; title_line_height_phone=&#8221;1em&#8221; title_line_height_last_edited=&#8221;on|phone&#8221; locked=&#8221;off&#8221; global_colors_info=&#8221;{}&#8221;][\/et_pb_heading][et_pb_text _builder_version=&#8221;4.27.0&#8243; _module_preset=&#8221;default&#8221; text_font=&#8221;|300|||||||&#8221; text_line_height=&#8221;1.4em&#8221; text_orientation=&#8221;center&#8221; width=&#8221;1024px&#8221; width_tablet=&#8221;100%&#8221; width_phone=&#8221;100%&#8221; width_last_edited=&#8221;on|tablet&#8221; module_alignment=&#8221;center&#8221; text_font_size_tablet=&#8221;24px&#8221; text_font_size_phone=&#8221;22px&#8221; text_font_size_last_edited=&#8221;on|tablet&#8221; locked=&#8221;off&#8221; global_colors_info=&#8221;{}&#8221;]<\/p>\n<p><strong><\/strong>Tutte le camere del surf camp sono luminose e spaziose, con bagno privato.<\/p>\n<p>[\/et_pb_text][\/et_pb_column][\/et_pb_row][et_pb_row column_structure=&#8221;1_3,1_3,1_3&#8243; _builder_version=&#8221;4.24.2&#8243; _module_preset=&#8221;default&#8221; width=&#8221;90%&#8221; width_tablet=&#8221;80%&#8221; width_phone=&#8221;80%&#8221; width_last_edited=&#8221;on|tablet&#8221; max_width=&#8221;90%&#8221; max_width_tablet=&#8221;80%&#8221; max_width_phone=&#8221;80%&#8221; max_width_last_edited=&#8221;on|tablet&#8221; locked=&#8221;off&#8221; global_colors_info=&#8221;{}&#8221; width__hover_enabled=&#8221;off|desktop&#8221;][et_pb_column type=&#8221;1_3&#8243; _builder_version=&#8221;4.24.2&#8243; _module_preset=&#8221;default&#8221; custom_padding_tablet=&#8221;||30px||false|false&#8221; custom_padding_phone=&#8221;||30px||false|false&#8221; custom_padding_last_edited=&#8221;on|phone&#8221; global_colors_info=&#8221;{}&#8221;][et_pb_image src=&#8221;https:\/\/protestsurfcenter.com\/wp-content\/uploads\/2024\/12\/img-003-surf-camp-lajares-protestsurfcenter.jpg&#8221; title_text=&#8221;img-003-surf-camp-lajares-protestsurfcenter&#8221; align=&#8221;center&#8221; _builder_version=&#8221;4.27.0&#8243; _module_preset=&#8221;default&#8221; custom_margin=&#8221;||10px||false|false&#8221; global_colors_info=&#8221;{}&#8221;][\/et_pb_image][\/et_pb_column][et_pb_column type=&#8221;1_3&#8243; _builder_version=&#8221;4.24.2&#8243; _module_preset=&#8221;default&#8221; custom_padding_tablet=&#8221;||30px||false|false&#8221; custom_padding_phone=&#8221;||30px||false|false&#8221; custom_padding_last_edited=&#8221;on|phone&#8221; global_colors_info=&#8221;{}&#8221;][et_pb_image src=&#8221;https:\/\/protestsurfcenter.com\/wp-content\/uploads\/2024\/12\/img-004a-surf-camp-lajares-protestsurfcenter.jpg&#8221; title_text=&#8221;img-004a-surf-camp-lajares-protestsurfcenter&#8221; align=&#8221;center&#8221; _builder_version=&#8221;4.27.0&#8243; _module_preset=&#8221;default&#8221; custom_margin=&#8221;||10px||false|false&#8221; global_colors_info=&#8221;{}&#8221;][\/et_pb_image][\/et_pb_column][et_pb_column type=&#8221;1_3&#8243; _builder_version=&#8221;4.24.2&#8243; _module_preset=&#8221;default&#8221; global_colors_info=&#8221;{}&#8221;][et_pb_image src=&#8221;https:\/\/protestsurfcenter.com\/wp-content\/uploads\/2024\/12\/img-005-surf-camp-lajares-protestsurfcenter.jpg&#8221; title_text=&#8221;img-005-surf-camp-lajares-protestsurfcenter&#8221; align=&#8221;center&#8221; _builder_version=&#8221;4.27.0&#8243; _module_preset=&#8221;default&#8221; custom_margin=&#8221;||10px||false|false&#8221; global_colors_info=&#8221;{}&#8221;][\/et_pb_image][\/et_pb_column][\/et_pb_row][\/et_pb_section][et_pb_section fb_built=&#8221;1&#8243; _builder_version=&#8221;4.24.2&#8243; _module_preset=&#8221;default&#8221; background_color=&#8221;#d2e5ee&#8221; custom_padding=&#8221;20px||20px||true|false&#8221; locked=&#8221;off&#8221; global_colors_info=&#8221;{}&#8221;][et_pb_row _builder_version=&#8221;4.24.2&#8243; _module_preset=&#8221;default&#8221; global_colors_info=&#8221;{}&#8221;][et_pb_column type=&#8221;4_4&#8243; _builder_version=&#8221;4.24.2&#8243; _module_preset=&#8221;default&#8221; global_colors_info=&#8221;{}&#8221;][et_pb_heading title=&#8221;Incluso nel surf camp:&#8221; title_tablet=&#8221;Inclusions of our Surf Camp Package:&#8221; title_phone=&#8221;Inclusions of our Surfcamp Package:&#8221; title_last_edited=&#8221;on|phone&#8221; _builder_version=&#8221;4.26.0&#8243; _module_preset=&#8221;default&#8221; title_level=&#8221;h2&#8243; title_font=&#8221;Pacifico||||||||&#8221; title_text_align=&#8221;center&#8221; title_font_size=&#8221;50px&#8221; max_width_tablet=&#8221;&#8221; max_width_phone=&#8221;100%&#8221; max_width_last_edited=&#8221;on|phone&#8221; module_alignment=&#8221;center&#8221; title_font_size_tablet=&#8221;35px&#8221; title_font_size_phone=&#8221;&#8221; title_font_size_last_edited=&#8221;on|phone&#8221; title_line_height_tablet=&#8221;&#8221; title_line_height_phone=&#8221;1.3em&#8221; title_line_height_last_edited=&#8221;on|phone&#8221; locked=&#8221;off&#8221; global_colors_info=&#8221;{}&#8221;][\/et_pb_heading][\/et_pb_column][\/et_pb_row][et_pb_row column_structure=&#8221;1_6,1_6,1_6,1_6,1_6,1_6&#8243; use_custom_gutter=&#8221;on&#8221; gutter_width=&#8221;2&#8243; _builder_version=&#8221;4.24.3&#8243; _module_preset=&#8221;default&#8221; width=&#8221;90%&#8221; width_tablet=&#8221;80%&#8221; width_phone=&#8221;80%&#8221; width_last_edited=&#8221;on|phone&#8221; max_width=&#8221;90%&#8221; max_width_tablet=&#8221;80%&#8221; max_width_phone=&#8221;80%&#8221; max_width_last_edited=&#8221;on|phone&#8221; custom_margin=&#8221;||||false|false&#8221; custom_margin_tablet=&#8221;||||false|false&#8221; custom_margin_phone=&#8221;||||false|false&#8221; custom_margin_last_edited=&#8221;off|phone&#8221; global_colors_info=&#8221;{}&#8221; width__hover_enabled=&#8221;off|desktop&#8221;][et_pb_column type=&#8221;1_6&#8243; _builder_version=&#8221;4.24.3&#8243; _module_preset=&#8221;default&#8221; custom_padding_tablet=&#8221;||30px||false|false&#8221; custom_padding_phone=&#8221;||0px||false|false&#8221; custom_padding_last_edited=&#8221;on|phone&#8221; global_colors_info=&#8221;{}&#8221;][et_pb_image src=&#8221;https:\/\/protestsurfcenter.com\/wp-content\/uploads\/2024\/04\/img-ico-wave-big-surfschool-beginners-protestsurfcenter.png&#8221; align=&#8221;center&#8221; _builder_version=&#8221;4.24.2&#8243; _module_preset=&#8221;default&#8221; custom_margin=&#8221;||10px||false|false&#8221; global_colors_info=&#8221;{}&#8221;][\/et_pb_image][et_pb_text _builder_version=&#8221;4.26.0&#8243; _module_preset=&#8221;default&#8221; text_font=&#8221;|300|||||||&#8221; header_3_font=&#8221;Ubuntu|700|||||||&#8221; header_4_font=&#8221;Ubuntu||||||||&#8221; header_4_text_align=&#8221;center&#8221; header_4_text_color=&#8221;#000000&#8243; header_4_font_size=&#8221;30px&#8221; text_orientation=&#8221;center&#8221; max_width=&#8221;300px&#8221; max_width_tablet=&#8221;300px&#8221; max_width_phone=&#8221;100%&#8221; max_width_last_edited=&#8221;on|phone&#8221; module_alignment=&#8221;center&#8221; custom_margin=&#8221;||20px||false|false&#8221; text_font_size_tablet=&#8221;24px&#8221; text_font_size_phone=&#8221;22px&#8221; text_font_size_last_edited=&#8221;on|tablet&#8221; text_line_height_tablet=&#8221;&#8221; text_line_height_phone=&#8221;1.4em&#8221; text_line_height_last_edited=&#8221;on|phone&#8221; header_4_font_size_tablet=&#8221;30px&#8221; header_4_font_size_phone=&#8221;24px&#8221; header_4_font_size_last_edited=&#8221;on|phone&#8221; global_colors_info=&#8221;{}&#8221;]<\/p>\n<p>8 giorni \/ 7 notti di alloggio (privato singolo, privato coppia o Twin, famiglia\/gruppo)<\/p>\n<p>[\/et_pb_text][\/et_pb_column][et_pb_column type=&#8221;1_6&#8243; _builder_version=&#8221;4.24.2&#8243; _module_preset=&#8221;default&#8221; global_colors_info=&#8221;{}&#8221;][et_pb_image src=&#8221;https:\/\/protestsurfcenter.com\/wp-content\/uploads\/2024\/04\/img-ico-wave-big-surfschool-beginners-protestsurfcenter.png&#8221; align=&#8221;center&#8221; _builder_version=&#8221;4.24.2&#8243; _module_preset=&#8221;default&#8221; custom_margin=&#8221;||10px||false|false&#8221; global_colors_info=&#8221;{}&#8221;][\/et_pb_image][et_pb_text _builder_version=&#8221;4.24.3&#8243; _module_preset=&#8221;default&#8221; text_font=&#8221;|300|||||||&#8221; header_3_font=&#8221;Ubuntu|700|||||||&#8221; header_4_font=&#8221;Ubuntu||||||||&#8221; header_4_text_align=&#8221;center&#8221; header_4_text_color=&#8221;#000000&#8243; header_4_font_size=&#8221;30px&#8221; text_orientation=&#8221;center&#8221; max_width=&#8221;300px&#8221; max_width_tablet=&#8221;300px&#8221; max_width_phone=&#8221;100%&#8221; max_width_last_edited=&#8221;on|phone&#8221; module_alignment=&#8221;center&#8221; custom_margin=&#8221;||20px||false|false&#8221; text_font_size_tablet=&#8221;24px&#8221; text_font_size_phone=&#8221;22px&#8221; text_font_size_last_edited=&#8221;on|phone&#8221; text_line_height_tablet=&#8221;&#8221; text_line_height_phone=&#8221;1.4em&#8221; text_line_height_last_edited=&#8221;on|phone&#8221; header_4_font_size_tablet=&#8221;30px&#8221; header_4_font_size_phone=&#8221;24px&#8221; header_4_font_size_last_edited=&#8221;on|phone&#8221; global_colors_info=&#8221;{}&#8221;]<\/p>\n<p>colazione tutti i giorni, pranzo e cena dal luned\u00ec al venerd\u00ec<\/p>\n<p>[\/et_pb_text][\/et_pb_column][et_pb_column type=&#8221;1_6&#8243; _builder_version=&#8221;4.24.2&#8243; _module_preset=&#8221;default&#8221; global_colors_info=&#8221;{}&#8221;][et_pb_image src=&#8221;https:\/\/protestsurfcenter.com\/wp-content\/uploads\/2024\/04\/img-ico-wave-big-surfschool-beginners-protestsurfcenter.png&#8221; align=&#8221;center&#8221; _builder_version=&#8221;4.24.2&#8243; _module_preset=&#8221;default&#8221; custom_margin=&#8221;||10px||false|false&#8221; global_colors_info=&#8221;{}&#8221;][\/et_pb_image][et_pb_text _builder_version=&#8221;4.24.3&#8243; _module_preset=&#8221;default&#8221; text_font=&#8221;|300|||||||&#8221; header_3_font=&#8221;Ubuntu|700|||||||&#8221; header_4_font=&#8221;Ubuntu||||||||&#8221; header_4_text_align=&#8221;center&#8221; header_4_text_color=&#8221;#000000&#8243; header_4_font_size=&#8221;30px&#8221; text_orientation=&#8221;center&#8221; max_width=&#8221;300px&#8221; max_width_tablet=&#8221;300px&#8221; max_width_phone=&#8221;100%&#8221; max_width_last_edited=&#8221;on|phone&#8221; module_alignment=&#8221;center&#8221; custom_margin=&#8221;||20px||false|false&#8221; text_font_size_tablet=&#8221;24px&#8221; text_font_size_phone=&#8221;22px&#8221; text_font_size_last_edited=&#8221;on|phone&#8221; text_line_height_tablet=&#8221;&#8221; text_line_height_phone=&#8221;1.4em&#8221; text_line_height_last_edited=&#8221;on|phone&#8221; header_4_font_size_tablet=&#8221;30px&#8221; header_4_font_size_phone=&#8221;24px&#8221; header_4_font_size_last_edited=&#8221;on|phone&#8221; global_colors_info=&#8221;{}&#8221;]<\/p>\n<p>5 lezioni di surf a seconda del livello e in piccoli gruppi di massimo 6 studenti per istruttore<\/p>\n<p>[\/et_pb_text][\/et_pb_column][et_pb_column type=&#8221;1_6&#8243; _builder_version=&#8221;4.24.2&#8243; _module_preset=&#8221;default&#8221; global_colors_info=&#8221;{}&#8221;][et_pb_image src=&#8221;https:\/\/protestsurfcenter.com\/wp-content\/uploads\/2024\/04\/img-ico-wave-big-surfschool-beginners-protestsurfcenter.png&#8221; align=&#8221;center&#8221; _builder_version=&#8221;4.24.2&#8243; _module_preset=&#8221;default&#8221; custom_margin=&#8221;||10px||false|false&#8221; global_colors_info=&#8221;{}&#8221;][\/et_pb_image][et_pb_text _builder_version=&#8221;4.24.3&#8243; _module_preset=&#8221;default&#8221; text_font=&#8221;|300|||||||&#8221; header_3_font=&#8221;Ubuntu|700|||||||&#8221; header_4_font=&#8221;Ubuntu||||||||&#8221; header_4_text_align=&#8221;center&#8221; header_4_text_color=&#8221;#000000&#8243; header_4_font_size=&#8221;30px&#8221; text_orientation=&#8221;center&#8221; max_width=&#8221;300px&#8221; max_width_tablet=&#8221;300px&#8221; max_width_phone=&#8221;100%&#8221; max_width_last_edited=&#8221;on|phone&#8221; module_alignment=&#8221;center&#8221; custom_margin=&#8221;||20px||false|false&#8221; text_font_size_tablet=&#8221;24px&#8221; text_font_size_phone=&#8221;22px&#8221; text_font_size_last_edited=&#8221;on|phone&#8221; text_line_height_tablet=&#8221;&#8221; text_line_height_phone=&#8221;1.4em&#8221; text_line_height_last_edited=&#8221;on|phone&#8221; header_4_font_size_tablet=&#8221;30px&#8221; header_4_font_size_phone=&#8221;24px&#8221; header_4_font_size_last_edited=&#8221;on|phone&#8221; global_colors_info=&#8221;{}&#8221;]<\/p>\n<p>3 lezioni di yoga<\/p>\n<p>[\/et_pb_text][\/et_pb_column][et_pb_column type=&#8221;1_6&#8243; _builder_version=&#8221;4.24.2&#8243; _module_preset=&#8221;default&#8221; global_colors_info=&#8221;{}&#8221;][et_pb_image src=&#8221;https:\/\/protestsurfcenter.com\/wp-content\/uploads\/2024\/04\/img-ico-wave-big-surfschool-beginners-protestsurfcenter.png&#8221; align=&#8221;center&#8221; _builder_version=&#8221;4.24.2&#8243; _module_preset=&#8221;default&#8221; custom_margin=&#8221;||10px||false|false&#8221; global_colors_info=&#8221;{}&#8221;][\/et_pb_image][et_pb_text _builder_version=&#8221;4.24.2&#8243; _module_preset=&#8221;default&#8221; text_font=&#8221;|300|||||||&#8221; header_3_font=&#8221;Ubuntu|700|||||||&#8221; header_4_font=&#8221;Ubuntu||||||||&#8221; header_4_text_align=&#8221;center&#8221; header_4_text_color=&#8221;#000000&#8243; header_4_font_size=&#8221;30px&#8221; text_orientation=&#8221;center&#8221; max_width=&#8221;300px&#8221; max_width_tablet=&#8221;300px&#8221; max_width_phone=&#8221;100%&#8221; max_width_last_edited=&#8221;on|phone&#8221; module_alignment=&#8221;center&#8221; custom_margin=&#8221;||20px||false|false&#8221; text_font_size_tablet=&#8221;24px&#8221; text_font_size_phone=&#8221;22px&#8221; text_font_size_last_edited=&#8221;on|phone&#8221; text_line_height_tablet=&#8221;&#8221; text_line_height_phone=&#8221;1.4em&#8221; text_line_height_last_edited=&#8221;on|phone&#8221; header_4_font_size_tablet=&#8221;30px&#8221; header_4_font_size_phone=&#8221;24px&#8221; header_4_font_size_last_edited=&#8221;on|phone&#8221; global_colors_info=&#8221;{}&#8221;]<\/p>\n<p>Navetta per l&#8217;aereoporto andata e ritorno<\/p>\n<p>[\/et_pb_text][\/et_pb_column][et_pb_column type=&#8221;1_6&#8243; _builder_version=&#8221;4.24.2&#8243; _module_preset=&#8221;default&#8221; global_colors_info=&#8221;{}&#8221;][et_pb_image src=&#8221;https:\/\/protestsurfcenter.com\/wp-content\/uploads\/2024\/04\/img-ico-wave-big-surfschool-beginners-protestsurfcenter.png&#8221; align=&#8221;center&#8221; _builder_version=&#8221;4.24.2&#8243; _module_preset=&#8221;default&#8221; custom_margin=&#8221;||10px||false|false&#8221; global_colors_info=&#8221;{}&#8221;][\/et_pb_image][et_pb_text _builder_version=&#8221;4.24.2&#8243; _module_preset=&#8221;default&#8221; text_font=&#8221;|300|||||||&#8221; header_3_font=&#8221;Ubuntu|700|||||||&#8221; header_4_font=&#8221;Ubuntu||||||||&#8221; header_4_text_align=&#8221;center&#8221; header_4_text_color=&#8221;#000000&#8243; header_4_font_size=&#8221;30px&#8221; text_orientation=&#8221;center&#8221; max_width=&#8221;300px&#8221; max_width_tablet=&#8221;300px&#8221; max_width_phone=&#8221;100%&#8221; max_width_last_edited=&#8221;on|phone&#8221; module_alignment=&#8221;center&#8221; custom_margin=&#8221;||20px||false|false&#8221; text_font_size_tablet=&#8221;24px&#8221; text_font_size_phone=&#8221;22px&#8221; text_font_size_last_edited=&#8221;on|phone&#8221; text_line_height_tablet=&#8221;&#8221; text_line_height_phone=&#8221;1.4em&#8221; text_line_height_last_edited=&#8221;on|phone&#8221; header_4_font_size_tablet=&#8221;30px&#8221; header_4_font_size_phone=&#8221;24px&#8221; header_4_font_size_last_edited=&#8221;on|phone&#8221; global_colors_info=&#8221;{}&#8221;]<\/p>\n<p>Pacchetto di benvenuto Protest Surfcenter con maglietta<\/p>\n<p>[\/et_pb_text][\/et_pb_column][\/et_pb_row][\/et_pb_section][et_pb_section fb_built=&#8221;1&#8243; custom_padding_last_edited=&#8221;on|phone&#8221; _builder_version=&#8221;4.26.0&#8243; _module_preset=&#8221;default&#8221; custom_margin=&#8221;0px||||false|false&#8221; custom_padding=&#8221;0px||||false|false&#8221; custom_padding_tablet=&#8221;0px||||false|false&#8221; custom_padding_phone=&#8221;0px||0px||false|false&#8221; locked=&#8221;off&#8221; global_colors_info=&#8221;{}&#8221;][et_pb_row custom_padding_last_edited=&#8221;on|tablet&#8221; _builder_version=&#8221;4.25.0&#8243; _module_preset=&#8221;default&#8221; custom_margin=&#8221;||||false|false&#8221; custom_padding_tablet=&#8221;0px||||false|false&#8221; custom_padding_phone=&#8221;0px||||false|false&#8221; locked=&#8221;off&#8221; global_colors_info=&#8221;{}&#8221;][et_pb_column type=&#8221;4_4&#8243; _builder_version=&#8221;4.24.2&#8243; _module_preset=&#8221;default&#8221; global_colors_info=&#8221;{}&#8221;][et_pb_heading title=&#8221;listino prezzi CAMP LAJARES CAMERE&#8221; _builder_version=&#8221;4.25.0&#8243; _module_preset=&#8221;default&#8221; title_level=&#8221;h2&#8243; title_text_align=&#8221;center&#8221; title_font_size=&#8221;52px&#8221; custom_margin=&#8221;40px||0px||false|false&#8221; custom_padding=&#8221;||0px||false|false&#8221; title_font_size_tablet=&#8221;50px&#8221; title_font_size_phone=&#8221;40px&#8221; title_font_size_last_edited=&#8221;on|phone&#8221; locked=&#8221;off&#8221; global_colors_info=&#8221;{}&#8221;][\/et_pb_heading][et_pb_image src=&#8221;https:\/\/protestsurfcenter.com\/wp-content\/uploads\/2025\/01\/img-prices-it-surf-camp-lajares-protestsurfcenter.png&#8221; alt=&#8221;Listino prezzi &#8211; Campo Lajares&#8221; title_text=&#8221;img-prices-it-surf-camp-lajares-protestsurfcenter&#8221; align=&#8221;center&#8221; _builder_version=&#8221;4.27.4&#8243; _module_preset=&#8221;default&#8221; custom_margin=&#8221;60px||||false|false&#8221; custom_margin_tablet=&#8221;60px||||false|false&#8221; custom_margin_phone=&#8221;20px||||false|false&#8221; custom_margin_last_edited=&#8221;on|phone&#8221; global_colors_info=&#8221;{}&#8221;][\/et_pb_image][et_pb_text _builder_version=&#8221;4.27.0&#8243; _module_preset=&#8221;default&#8221; text_orientation=&#8221;center&#8221; global_colors_info=&#8221;{}&#8221;]<\/p>\n<p>Se desiderate soggiornare pi\u00f9 di una settimana, <a href=\"https:\/\/protestsurfcenter.com\/it\/contatto\/\">contattateci<\/a> per un prezzo su misura!<\/p>\n<p>[\/et_pb_text][\/et_pb_column][\/et_pb_row][et_pb_row _builder_version=&#8221;4.25.0&#8243; _module_preset=&#8221;default&#8221; custom_margin=&#8221;60px||||false|false&#8221; custom_margin_tablet=&#8221;60px||||false|false&#8221; custom_margin_phone=&#8221;30px||0px||false|false&#8221; custom_margin_last_edited=&#8221;on|tablet&#8221; global_colors_info=&#8221;{}&#8221;][et_pb_column type=&#8221;4_4&#8243; _builder_version=&#8221;4.24.2&#8243; _module_preset=&#8221;default&#8221; global_colors_info=&#8221;{}&#8221;][et_pb_heading title=&#8221;Navigate con noi nei vostri sogni !&#8221; title_last_edited=&#8221;off|phone&#8221; _builder_version=&#8221;4.24.2&#8243; _module_preset=&#8221;default&#8221; title_level=&#8221;h2&#8243; title_font=&#8221;Pacifico||||||||&#8221; title_text_align=&#8221;center&#8221; title_font_size=&#8221;65px&#8221; max_width_tablet=&#8221;&#8221; max_width_phone=&#8221;100%&#8221; max_width_last_edited=&#8221;on|desktop&#8221; module_alignment=&#8221;center&#8221; title_font_size_tablet=&#8221;55px&#8221; title_font_size_phone=&#8221;40px&#8221; title_font_size_last_edited=&#8221;on|phone&#8221; title_line_height_tablet=&#8221;&#8221; title_line_height_phone=&#8221;1.2em&#8221; title_line_height_last_edited=&#8221;on|phone&#8221; locked=&#8221;off&#8221; global_colors_info=&#8221;{}&#8221;][\/et_pb_heading][et_pb_button button_url=&#8221;https:\/\/app.bukyapp.com\/front\/68ebcd56f627bb360437e6e4\/product\/68fd021987a73142d392c665&#8243; url_new_window=&#8221;on&#8221; button_text=&#8221;PRENOTA QUI&#8221; button_alignment=&#8221;center&#8221; button_alignment_tablet=&#8221;center&#8221; button_alignment_phone=&#8221;center&#8221; button_alignment_last_edited=&#8221;on|tablet&#8221; disabled_on=&#8221;off|off|off&#8221; _builder_version=&#8221;4.27.4&#8243; _module_preset=&#8221;default&#8221; custom_button=&#8221;on&#8221; button_text_size=&#8221;40px&#8221; button_bg_color=&#8221;#fc7484&#8243; button_border_radius=&#8221;45px&#8221; button_font=&#8221;Bebas Neue||||||||&#8221; background_layout=&#8221;dark&#8221; custom_padding=&#8221;4px||4px||true|false&#8221; hover_enabled=&#8221;0&#8243; button_text_size_tablet=&#8221;40px&#8221; button_text_size_phone=&#8221;35px&#8221; button_text_size_last_edited=&#8221;on|phone&#8221; locked=&#8221;off&#8221; global_colors_info=&#8221;{}&#8221; sticky_enabled=&#8221;0&#8243;][\/et_pb_button][\/et_pb_column][\/et_pb_row][\/et_pb_section]<\/p>\n","protected":false},"excerpt":{"rendered":"<p>Fuga a Lajares, Fuerteventura! Una settimana di surf, yoga e cibo delizioso in un&#8217;oasi lussureggiante. Puro divertimento nel cuore vibrante di questo paradiso del surf!   <\/p>\n","protected":false},"author":1,"featured_media":3357,"parent":3065,"menu_order":0,"comment_status":"closed","ping_status":"closed","template":"","meta":{"_et_pb_use_builder":"on","_et_pb_old_content":"","_et_gb_content_width":"","footnotes":""},"class_list":["post-3518","page","type-page","status-publish","has-post-thumbnail","hentry"],"yoast_head":"<!-- This site is optimized with the Yoast SEO plugin v26.3 - https:\/\/yoast.com\/wordpress\/plugins\/seo\/ -->\n<title>il surf camp di Lajares (Fuerteventura) | Protest Surfcenter<\/title>\n<meta name=\"description\" content=\"Fuga a Lajares, Fuerteventura! Una settimana di surf, yoga e cibo delizioso in un&#039;oasi lussureggiante. Puro divertimento nel cuore vibrante di questo paradiso del surf!\" \/>\n<meta name=\"robots\" content=\"index, follow, max-snippet:-1, max-image-preview:large, max-video-preview:-1\" \/>\n<link rel=\"canonical\" href=\"https:\/\/protestsurfcenter.com\/it\/campi-di-surf\/surf-camp-lajares\/\" \/>\n<meta property=\"og:locale\" content=\"it_IT\" \/>\n<meta property=\"og:type\" content=\"article\" \/>\n<meta property=\"og:title\" content=\"il surf camp di Lajares (Fuerteventura) | Protest Surfcenter\" \/>\n<meta property=\"og:description\" content=\"Fuga a Lajares, Fuerteventura! Una settimana di surf, yoga e cibo delizioso in un&#039;oasi lussureggiante. Puro divertimento nel cuore vibrante di questo paradiso del surf!\" \/>\n<meta property=\"og:url\" content=\"https:\/\/protestsurfcenter.com\/it\/campi-di-surf\/surf-camp-lajares\/\" \/>\n<meta property=\"og:site_name\" content=\"Protest Surfcenter\" \/>\n<meta property=\"article:modified_time\" content=\"2025-11-03T19:22:06+00:00\" \/>\n<meta property=\"og:image\" content=\"https:\/\/protestsurfcenter.com\/wp-content\/uploads\/2024\/12\/img-top-surf-camp-lajares-protestsurfcenter-1024x407.jpg\" \/>\n<meta name=\"twitter:card\" content=\"summary_large_image\" \/>\n<meta name=\"twitter:title\" content=\"il surf camp di Lajares (Fuerteventura) | Protest Surfcenter\" \/>\n<meta name=\"twitter:description\" content=\"Fuga a Lajares, Fuerteventura! Una settimana di surf, yoga e cibo delizioso in un&#039;oasi lussureggiante. Puro divertimento nel cuore vibrante di questo paradiso del surf!\" \/>\n<meta name=\"twitter:image\" content=\"https:\/\/protestsurfcenter.com\/wp-content\/uploads\/2024\/12\/img-top-surf-camp-lajares-protestsurfcenter-1024x407.jpg\" \/>\n<meta name=\"twitter:label1\" content=\"Tempo di lettura stimato\" \/>\n\t<meta name=\"twitter:data1\" content=\"21 minuti\" \/>\n<script type=\"application\/ld+json\" class=\"yoast-schema-graph\">{\"@context\":\"https:\/\/schema.org\",\"@graph\":[{\"@type\":\"WebPage\",\"@id\":\"https:\/\/protestsurfcenter.com\/it\/campi-di-surf\/surf-camp-lajares\/\",\"url\":\"https:\/\/protestsurfcenter.com\/it\/campi-di-surf\/surf-camp-lajares\/\",\"name\":\"il surf camp di Lajares (Fuerteventura) | Protest Surfcenter\",\"isPartOf\":{\"@id\":\"https:\/\/protestsurfcenter.com\/it\/#website\"},\"primaryImageOfPage\":{\"@id\":\"https:\/\/protestsurfcenter.com\/it\/campi-di-surf\/surf-camp-lajares\/#primaryimage\"},\"image\":{\"@id\":\"https:\/\/protestsurfcenter.com\/it\/campi-di-surf\/surf-camp-lajares\/#primaryimage\"},\"thumbnailUrl\":\"https:\/\/protestsurfcenter.com\/wp-content\/uploads\/2024\/12\/img-top-surf-camp-lajares-protestsurfcenter.jpg\",\"datePublished\":\"2024-12-29T08:12:39+00:00\",\"dateModified\":\"2025-11-03T19:22:06+00:00\",\"description\":\"Fuga a Lajares, Fuerteventura! Una settimana di surf, yoga e cibo delizioso in un'oasi lussureggiante. Puro divertimento nel cuore vibrante di questo paradiso del surf!\",\"breadcrumb\":{\"@id\":\"https:\/\/protestsurfcenter.com\/it\/campi-di-surf\/surf-camp-lajares\/#breadcrumb\"},\"inLanguage\":\"it-IT\",\"potentialAction\":[{\"@type\":\"ReadAction\",\"target\":[\"https:\/\/protestsurfcenter.com\/it\/campi-di-surf\/surf-camp-lajares\/\"]}]},{\"@type\":\"ImageObject\",\"inLanguage\":\"it-IT\",\"@id\":\"https:\/\/protestsurfcenter.com\/it\/campi-di-surf\/surf-camp-lajares\/#primaryimage\",\"url\":\"https:\/\/protestsurfcenter.com\/wp-content\/uploads\/2024\/12\/img-top-surf-camp-lajares-protestsurfcenter.jpg\",\"contentUrl\":\"https:\/\/protestsurfcenter.com\/wp-content\/uploads\/2024\/12\/img-top-surf-camp-lajares-protestsurfcenter.jpg\",\"width\":1920,\"height\":763},{\"@type\":\"BreadcrumbList\",\"@id\":\"https:\/\/protestsurfcenter.com\/it\/campi-di-surf\/surf-camp-lajares\/#breadcrumb\",\"itemListElement\":[{\"@type\":\"ListItem\",\"position\":1,\"name\":\"Home\",\"item\":\"https:\/\/protestsurfcenter.com\/it\/\"},{\"@type\":\"ListItem\",\"position\":2,\"name\":\"Campi di surf\",\"item\":\"https:\/\/protestsurfcenter.com\/it\/surf-camp\/\"},{\"@type\":\"ListItem\",\"position\":3,\"name\":\"Surf Camp Lajares\"}]},{\"@type\":\"WebSite\",\"@id\":\"https:\/\/protestsurfcenter.com\/it\/#website\",\"url\":\"https:\/\/protestsurfcenter.com\/it\/\",\"name\":\"Protest Surfcenter\",\"description\":\"Surfschool - Shop &amp; Surfcamp in Fuerteventura\",\"potentialAction\":[{\"@type\":\"SearchAction\",\"target\":{\"@type\":\"EntryPoint\",\"urlTemplate\":\"https:\/\/protestsurfcenter.com\/it\/?s={search_term_string}\"},\"query-input\":{\"@type\":\"PropertyValueSpecification\",\"valueRequired\":true,\"valueName\":\"search_term_string\"}}],\"inLanguage\":\"it-IT\"}]}<\/script>\n<!-- \/ Yoast SEO plugin. -->","yoast_head_json":{"title":"il surf camp di Lajares (Fuerteventura) | Protest Surfcenter","description":"Fuga a Lajares, Fuerteventura! Una settimana di surf, yoga e cibo delizioso in un'oasi lussureggiante. Puro divertimento nel cuore vibrante di questo paradiso del surf!","robots":{"index":"index","follow":"follow","max-snippet":"max-snippet:-1","max-image-preview":"max-image-preview:large","max-video-preview":"max-video-preview:-1"},"canonical":"https:\/\/protestsurfcenter.com\/it\/campi-di-surf\/surf-camp-lajares\/","og_locale":"it_IT","og_type":"article","og_title":"il surf camp di Lajares (Fuerteventura) | Protest Surfcenter","og_description":"Fuga a Lajares, Fuerteventura! Una settimana di surf, yoga e cibo delizioso in un'oasi lussureggiante. Puro divertimento nel cuore vibrante di questo paradiso del surf!","og_url":"https:\/\/protestsurfcenter.com\/it\/campi-di-surf\/surf-camp-lajares\/","og_site_name":"Protest Surfcenter","article_modified_time":"2025-11-03T19:22:06+00:00","og_image":[{"url":"https:\/\/protestsurfcenter.com\/wp-content\/uploads\/2024\/12\/img-top-surf-camp-lajares-protestsurfcenter-1024x407.jpg","type":"","width":"","height":""}],"twitter_card":"summary_large_image","twitter_title":"il surf camp di Lajares (Fuerteventura) | Protest Surfcenter","twitter_description":"Fuga a Lajares, Fuerteventura! Una settimana di surf, yoga e cibo delizioso in un'oasi lussureggiante. Puro divertimento nel cuore vibrante di questo paradiso del surf!","twitter_image":"https:\/\/protestsurfcenter.com\/wp-content\/uploads\/2024\/12\/img-top-surf-camp-lajares-protestsurfcenter-1024x407.jpg","twitter_misc":{"Tempo di lettura stimato":"21 minuti"},"schema":{"@context":"https:\/\/schema.org","@graph":[{"@type":"WebPage","@id":"https:\/\/protestsurfcenter.com\/it\/campi-di-surf\/surf-camp-lajares\/","url":"https:\/\/protestsurfcenter.com\/it\/campi-di-surf\/surf-camp-lajares\/","name":"il surf camp di Lajares (Fuerteventura) | Protest Surfcenter","isPartOf":{"@id":"https:\/\/protestsurfcenter.com\/it\/#website"},"primaryImageOfPage":{"@id":"https:\/\/protestsurfcenter.com\/it\/campi-di-surf\/surf-camp-lajares\/#primaryimage"},"image":{"@id":"https:\/\/protestsurfcenter.com\/it\/campi-di-surf\/surf-camp-lajares\/#primaryimage"},"thumbnailUrl":"https:\/\/protestsurfcenter.com\/wp-content\/uploads\/2024\/12\/img-top-surf-camp-lajares-protestsurfcenter.jpg","datePublished":"2024-12-29T08:12:39+00:00","dateModified":"2025-11-03T19:22:06+00:00","description":"Fuga a Lajares, Fuerteventura! Una settimana di surf, yoga e cibo delizioso in un'oasi lussureggiante. Puro divertimento nel cuore vibrante di questo paradiso del surf!","breadcrumb":{"@id":"https:\/\/protestsurfcenter.com\/it\/campi-di-surf\/surf-camp-lajares\/#breadcrumb"},"inLanguage":"it-IT","potentialAction":[{"@type":"ReadAction","target":["https:\/\/protestsurfcenter.com\/it\/campi-di-surf\/surf-camp-lajares\/"]}]},{"@type":"ImageObject","inLanguage":"it-IT","@id":"https:\/\/protestsurfcenter.com\/it\/campi-di-surf\/surf-camp-lajares\/#primaryimage","url":"https:\/\/protestsurfcenter.com\/wp-content\/uploads\/2024\/12\/img-top-surf-camp-lajares-protestsurfcenter.jpg","contentUrl":"https:\/\/protestsurfcenter.com\/wp-content\/uploads\/2024\/12\/img-top-surf-camp-lajares-protestsurfcenter.jpg","width":1920,"height":763},{"@type":"BreadcrumbList","@id":"https:\/\/protestsurfcenter.com\/it\/campi-di-surf\/surf-camp-lajares\/#breadcrumb","itemListElement":[{"@type":"ListItem","position":1,"name":"Home","item":"https:\/\/protestsurfcenter.com\/it\/"},{"@type":"ListItem","position":2,"name":"Campi di surf","item":"https:\/\/protestsurfcenter.com\/it\/surf-camp\/"},{"@type":"ListItem","position":3,"name":"Surf Camp Lajares"}]},{"@type":"WebSite","@id":"https:\/\/protestsurfcenter.com\/it\/#website","url":"https:\/\/protestsurfcenter.com\/it\/","name":"Protest Surfcenter","description":"Surfschool - Shop &amp; Surfcamp in Fuerteventura","potentialAction":[{"@type":"SearchAction","target":{"@type":"EntryPoint","urlTemplate":"https:\/\/protestsurfcenter.com\/it\/?s={search_term_string}"},"query-input":{"@type":"PropertyValueSpecification","valueRequired":true,"valueName":"search_term_string"}}],"inLanguage":"it-IT"}]}},"_links":{"self":[{"href":"https:\/\/protestsurfcenter.com\/it\/wp-json\/wp\/v2\/pages\/3518","targetHints":{"allow":["GET"]}}],"collection":[{"href":"https:\/\/protestsurfcenter.com\/it\/wp-json\/wp\/v2\/pages"}],"about":[{"href":"https:\/\/protestsurfcenter.com\/it\/wp-json\/wp\/v2\/types\/page"}],"author":[{"embeddable":true,"href":"https:\/\/protestsurfcenter.com\/it\/wp-json\/wp\/v2\/users\/1"}],"replies":[{"embeddable":true,"href":"https:\/\/protestsurfcenter.com\/it\/wp-json\/wp\/v2\/comments?post=3518"}],"version-history":[{"count":5,"href":"https:\/\/protestsurfcenter.com\/it\/wp-json\/wp\/v2\/pages\/3518\/revisions"}],"predecessor-version":[{"id":3684,"href":"https:\/\/protestsurfcenter.com\/it\/wp-json\/wp\/v2\/pages\/3518\/revisions\/3684"}],"up":[{"embeddable":true,"href":"https:\/\/protestsurfcenter.com\/it\/wp-json\/wp\/v2\/pages\/3065"}],"wp:featuredmedia":[{"embeddable":true,"href":"https:\/\/protestsurfcenter.com\/it\/wp-json\/wp\/v2\/media\/3357"}],"wp:attachment":[{"href":"https:\/\/protestsurfcenter.com\/it\/wp-json\/wp\/v2\/media?parent=3518"}],"curies":[{"name":"wp","href":"https:\/\/api.w.org\/{rel}","templated":true}]}}